{"id":1194,"date":"2024-09-24T12:21:42","date_gmt":"2024-09-24T12:21:42","guid":{"rendered":"https:\/\/www.nautilusdragados.com\/restauration-des-plages\/"},"modified":"2025-03-10T08:26:29","modified_gmt":"2025-03-10T08:26:29","slug":"restauration-des-plages","status":"publish","type":"page","link":"https:\/\/www.nautilusdragados.com\/fr\/restauration-des-plages\/","title":{"rendered":"Restauration des plages"},"content":{"rendered":"<p>[et_pb_section fb_built=\u00a0\u00bb1&Prime; admin_label=\u00a0\u00bbHero\u00a0\u00bb _builder_version=\u00a0\u00bb4.27.4&Prime; _module_preset=\u00a0\u00bb74c69059-8e69-4122-b1e6-dfeabf6c5711&Prime; use_background_color_gradient=\u00a0\u00bboff\u00a0\u00bb background_image=\u00a0\u00bbhttps:\/\/www.nautilusdragados.com\/wp-content\/uploads\/2024\/10\/beach-8563083_1920.jpg\u00a0\u00bb background_enable_image=\u00a0\u00bbon\u00a0\u00bb custom_padding=\u00a0\u00bb||||false|false\u00a0\u00bb locked=\u00a0\u00bboff\u00a0\u00bb collapsed=\u00a0\u00bbon\u00a0\u00bb global_colors_info=\u00a0\u00bb{}\u00a0\u00bb][et_pb_row _builder_version=\u00a0\u00bb4.27.0&Prime; _module_preset=\u00a0\u00bb5138c454-be54-4233-bd3b-f8e6a8747976&Prime; background_color=\u00a0\u00bbrgba(0,0,0,0.18)\u00a0\u00bb custom_padding=\u00a0\u00bb20px|20px|20px|20px|false|false\u00a0\u00bb locked=\u00a0\u00bboff\u00a0\u00bb global_colors_info=\u00a0\u00bb{}\u00a0\u00bb][et_pb_column type=\u00a0\u00bb4_4&Prime; _builder_version=\u00a0\u00bb4.16&Prime; _module_preset=\u00a0\u00bb73121f80-a3ef-4484-8763-c3f18e3c56d2&Prime; global_colors_info=\u00a0\u00bb{}\u00a0\u00bb][et_pb_text _builder_version=\u00a0\u00bb4.27.4&Prime; _module_preset=\u00a0\u00bbdefault\u00a0\u00bb text_font=\u00a0\u00bb&#8211;et_global_body_font|700||on|||||\u00a0\u00bb text_text_color=\u00a0\u00bb#FFFFFF\u00a0\u00bb text_line_height=\u00a0\u00bb1em\u00a0\u00bb text_text_shadow_style=\u00a0\u00bbpreset5&Prime; locked=\u00a0\u00bboff\u00a0\u00bb global_colors_info=\u00a0\u00bb{%22gcid-primary-color%22:%91%22link_text_color%22,%22link_text_color%22%93,%22gcid-heading-color%22:%91%22header_text_color%22,%22header_4_text_color%22,%22header_3_text_color%22,%22header_2_text_color%22,%22header_5_text_color%22,%22header_6_text_color%22,%22quote_text_color%22,%22header_text_color%22,%22header_4_text_color%22,%22header_3_text_color%22,%22header_2_text_color%22,%22header_5_text_color%22,%22header_6_text_color%22,%22quote_text_color%22%93,%22gcid-secondary-color%22:%91%22quote_border_color%22,%22quote_border_color%22%93}\u00a0\u00bb]<\/p>\n<p>Solutions de dragage int\u00e9gr\u00e9es<\/p>\n<p>[\/et_pb_text][et_pb_heading title=\u00a0\u00bbRestauration des plages\u00a0\u00bb _builder_version=\u00a0\u00bb4.27.4&Prime; _module_preset=\u00a0\u00bbddeb8c09-9078-4424-bc15-2efb6572e28e\u00a0\u00bb title_font=\u00a0\u00bbIBM Plex Sans Condensed|IBM Plex Sans Condensed_weight|||||||\u00a0\u00bb title_text_color=\u00a0\u00bb#FFFFFF\u00a0\u00bb locked=\u00a0\u00bboff\u00a0\u00bb global_colors_info=\u00a0\u00bb{}\u00a0\u00bb][\/et_pb_heading][et_pb_text _builder_version=\u00a0\u00bb4.27.4&Prime; _module_preset=\u00a0\u00bb0504de1e-f5ff-4281-ba60-cbbe4edf98bc\u00a0\u00bb text_font=\u00a0\u00bbIBM Plex Sans|IBM Plex Sans_weight|||||||\u00a0\u00bb quote_font=\u00a0\u00bbIBM Plex Sans Condensed|IBM Plex Sans Condensed_weight|||||||\u00a0\u00bb header_font=\u00a0\u00bbIBM Plex Sans Condensed|IBM Plex Sans Condensed_weight|||||||\u00a0\u00bb header_2_font=\u00a0\u00bbIBM Plex Sans Condensed|IBM Plex Sans Condensed_weight|||||||\u00a0\u00bb header_3_font=\u00a0\u00bbIBM Plex Sans Condensed|IBM Plex Sans Condensed_weight|||||||\u00a0\u00bb header_4_font=\u00a0\u00bbIBM Plex Sans Condensed|IBM Plex Sans Condensed_weight|||||||\u00a0\u00bb header_5_font=\u00a0\u00bbIBM Plex Sans Condensed|IBM Plex Sans Condensed_weight|||||||\u00a0\u00bb header_6_font=\u00a0\u00bbIBM Plex Sans Condensed|IBM Plex Sans Condensed_weight|||||||\u00a0\u00bb locked=\u00a0\u00bboff\u00a0\u00bb global_colors_info=\u00a0\u00bb{}\u00a0\u00bb]<\/p>\n<p>Sp\u00e9cialistes de l&rsquo;assainissement et de la restauration des milieux aquatiques pour un avenir plus propre et plus durable.<\/p>\n<p>[\/et_pb_text][et_pb_button button_url=\u00a0\u00bb#playas\u00a0\u00bb button_text=\u00a0\u00bbEn savoir plus\u00a0\u00bb _builder_version=\u00a0\u00bb4.27.4&Prime; _module_preset=\u00a0\u00bbab15fb74-61a3-43aa-96b3-41e09aeef654&Prime; button_font=\u00a0\u00bbIBM Plex Sans|700|||||||\u00a0\u00bb locked=\u00a0\u00bboff\u00a0\u00bb global_colors_info=\u00a0\u00bb{}\u00a0\u00bb][\/et_pb_button][\/et_pb_column][\/et_pb_row][\/et_pb_section][et_pb_section fb_built=\u00a0\u00bb1&Prime; module_id=\u00a0\u00bbc\u00f4tes\u00a0\u00bb _builder_version=\u00a0\u00bb4.27.4&Prime; _module_preset=\u00a0\u00bbdefault\u00a0\u00bb background_enable_pattern_style=\u00a0\u00bbon\u00a0\u00bb background_pattern_style=\u00a0\u00bbconfetti\u00a0\u00bb background_pattern_color=\u00a0\u00bbrgba(50,188,225,0.1)\u00a0\u00bb global_colors_info=\u00a0\u00bb{}\u00a0\u00bb][et_pb_row _builder_version=\u00a0\u00bb4.27.4&Prime; _module_preset=\u00a0\u00bbdefault\u00a0\u00bb global_colors_info=\u00a0\u00bb{}\u00a0\u00bb][et_pb_column type=\u00a0\u00bb4_4&Prime; _builder_version=\u00a0\u00bb4.27.4&Prime; _module_preset=\u00a0\u00bbdefault\u00a0\u00bb global_colors_info=\u00a0\u00bb{}\u00a0\u00bb][et_pb_text _builder_version=\u00a0\u00bb4.27.4&Prime; _module_preset=\u00a0\u00bbdefault\u00a0\u00bb text_font_size=\u00a0\u00bb22px\u00a0\u00bb text_orientation=\u00a0\u00bbcenter\u00a0\u00bb global_colors_info=\u00a0\u00bb{}\u00a0\u00bb]<\/p>\n<p>Chez <strong>Nautilus Dragados<\/strong>, nous sommes sp\u00e9cialis\u00e9s dans la <strong>restauration des plages \u00e9rod\u00e9es<\/strong>, offrant des solutions innovantes et durables pour lutter contre <strong>l&rsquo;\u00e9rosion c\u00f4ti\u00e8re<\/strong> et pr\u00e9server nos c\u00f4tes. Notre mission est de prot\u00e9ger et de revitaliser les plages. Nous comprenons que les plages sont un tr\u00e9sor naturel dont nous devons prendre soin et que nous devons pr\u00e9server, pour que les g\u00e9n\u00e9rations futures puissent en profiter. <\/p>\n<p>Notre service de <strong>restauration des plages<\/strong> est une d\u00e9monstration claire de notre engagement en faveur de la durabilit\u00e9 et de la beaut\u00e9 de nos environnements aquatiques.<\/p>\n<p>[\/et_pb_text][\/et_pb_column][\/et_pb_row][et_pb_row _builder_version=\u00a0\u00bb4.27.4&Prime; _module_preset=\u00a0\u00bbdefault\u00a0\u00bb global_colors_info=\u00a0\u00bb{}\u00a0\u00bb][et_pb_column type=\u00a0\u00bb4_4&Prime; _builder_version=\u00a0\u00bb4.27.4&Prime; _module_preset=\u00a0\u00bbdefault\u00a0\u00bb global_colors_info=\u00a0\u00bb{}\u00a0\u00bb][et_pb_text _builder_version=\u00a0\u00bb4.27.4&Prime; _module_preset=\u00a0\u00bbdefault\u00a0\u00bb header_2_font=\u00a0\u00bbLato|&#8211;et_global_heading_font_weight|||||||\u00a0\u00bb header_2_font_size=\u00a0\u00bb28px\u00a0\u00bb header_2_line_height=\u00a0\u00bb1.4em\u00a0\u00bb global_colors_info=\u00a0\u00bb{}\u00a0\u00bb]<\/p>\n<h2>Causes de l&rsquo;\u00e9rosion des plages<\/h2>\n<p>[\/et_pb_text][et_pb_text _builder_version=\u00a0\u00bb4.27.4&Prime; _module_preset=\u00a0\u00bbdefault\u00a0\u00bb global_colors_info=\u00a0\u00bb{}\u00a0\u00bb]<\/p>\n<p><strong>L&rsquo;\u00e9rosion des plages<\/strong> est un ph\u00e9nom\u00e8ne naturel qui peut \u00eatre aggrav\u00e9 par les activit\u00e9s humaines et les ph\u00e9nom\u00e8nes m\u00e9t\u00e9orologiques extr\u00eames. Les principales causes sont les suivantes : <\/p>\n<p>[\/et_pb_text][\/et_pb_column][\/et_pb_row][et_pb_row column_structure=\u00a0\u00bb1_3,1_3,1_3&Prime; _builder_version=\u00a0\u00bb4.27.4&Prime; _module_preset=\u00a0\u00bbdefault\u00a0\u00bb global_colors_info=\u00a0\u00bb{}\u00a0\u00bb][et_pb_column type=\u00a0\u00bb1_3&Prime; _builder_version=\u00a0\u00bb4.27.4&Prime; _module_preset=\u00a0\u00bbdefault\u00a0\u00bb global_colors_info=\u00a0\u00bb{}\u00a0\u00bb][et_pb_blurb title=\u00a0\u00bbPh\u00e9nom\u00e8nes naturels\u00a0\u00bb use_icon=\u00a0\u00bbon\u00a0\u00bb font_icon=\u00a0\u00bb&#xf75a;||fa||900&Prime; icon_color=\u00a0\u00bb#E09900&Prime; icon_alignment=\u00a0\u00bbcenter\u00a0\u00bb _builder_version=\u00a0\u00bb4.27.4&Prime; _module_preset=\u00a0\u00bbdefault\u00a0\u00bb header_text_align=\u00a0\u00bbcenter\u00a0\u00bb text_orientation=\u00a0\u00bbcenter\u00a0\u00bb global_colors_info=\u00a0\u00bb{%22gcid-heading-color%22:%91%22header_text_color%22,%22header_text_color%22%93,%22gcid-body-color%22:%91%22body_text_color%22,%22body_text_color%22%93,%22gcid-primary-color%22:%91%22body_link_text_color%22,%22body_link_text_color%22%93}\u00a0\u00bb]<\/p>\n<p>Les temp\u00eates, les ondes de temp\u00eate et les changements dans les courants oc\u00e9aniques peuvent d\u00e9placer de grandes quantit\u00e9s de sable, r\u00e9duisant ainsi la largeur des plages.<\/p>\n<p>[\/et_pb_blurb][\/et_pb_column][et_pb_column type=\u00a0\u00bb1_3&Prime; _builder_version=\u00a0\u00bb4.27.4&Prime; _module_preset=\u00a0\u00bbdefault\u00a0\u00bb global_colors_info=\u00a0\u00bb{}\u00a0\u00bb][et_pb_blurb title=\u00a0\u00bbActivit\u00e9s humaines\u00a0\u00bb use_icon=\u00a0\u00bbon\u00a0\u00bb font_icon=\u00a0\u00bb&#xf21a;||fa||900&Prime; icon_color=\u00a0\u00bb#E09900&Prime; icon_alignment=\u00a0\u00bbcenter\u00a0\u00bb _builder_version=\u00a0\u00bb4.27.4&Prime; _module_preset=\u00a0\u00bbdefault\u00a0\u00bb header_text_align=\u00a0\u00bbcenter\u00a0\u00bb text_orientation=\u00a0\u00bbcenter\u00a0\u00bb global_colors_info=\u00a0\u00bb{%22gcid-heading-color%22:%91%22header_text_color%22,%22header_text_color%22%93,%22gcid-body-color%22:%91%22body_text_color%22,%22body_text_color%22%93,%22gcid-primary-color%22:%91%22body_link_text_color%22,%22body_link_text_color%22%93}\u00a0\u00bb]<\/p>\n<p>La construction d&rsquo;infrastructures c\u00f4ti\u00e8res, telles que les ports et les jet\u00e9es, peut modifier la dynamique naturelle de la s\u00e9dimentation et de l&rsquo;\u00e9rosion.<\/p>\n<p>[\/et_pb_blurb][\/et_pb_column][et_pb_column type=\u00a0\u00bb1_3&Prime; _builder_version=\u00a0\u00bb4.27.4&Prime; _module_preset=\u00a0\u00bbdefault\u00a0\u00bb global_colors_info=\u00a0\u00bb{}\u00a0\u00bb][et_pb_blurb title=\u00a0\u00bbChangement climatique\u00a0\u00bb use_icon=\u00a0\u00bbon\u00a0\u00bb font_icon=\u00a0\u00bb&#xf0e9;||fa||900&Prime; icon_color=\u00a0\u00bb#E09900&Prime; icon_alignment=\u00a0\u00bbcenter\u00a0\u00bb _builder_version=\u00a0\u00bb4.27.4&Prime; _module_preset=\u00a0\u00bbdefault\u00a0\u00bb header_text_align=\u00a0\u00bbcenter\u00a0\u00bb text_orientation=\u00a0\u00bbcenter\u00a0\u00bb global_colors_info=\u00a0\u00bb{%22gcid-heading-color%22:%91%22header_text_color%22,%22header_text_color%22%93,%22gcid-body-color%22:%91%22body_text_color%22,%22body_text_color%22%93,%22gcid-primary-color%22:%91%22body_link_text_color%22,%22body_link_text_color%22%93}\u00a0\u00bb]<\/p>\n<p>L&rsquo;\u00e9l\u00e9vation du niveau de la mer et l&rsquo;augmentation de la fr\u00e9quence des temp\u00eates intenses contribuent de mani\u00e8re significative \u00e0 l&rsquo;\u00e9rosion c\u00f4ti\u00e8re.<\/p>\n<p>[\/et_pb_blurb][\/et_pb_column][\/et_pb_row][et_pb_row _builder_version=\u00a0\u00bb4.27.4&Prime; _module_preset=\u00a0\u00bbdefault\u00a0\u00bb global_colors_info=\u00a0\u00bb{}\u00a0\u00bb][et_pb_column type=\u00a0\u00bb4_4&Prime; _builder_version=\u00a0\u00bb4.27.4&Prime; _module_preset=\u00a0\u00bbdefault\u00a0\u00bb global_colors_info=\u00a0\u00bb{}\u00a0\u00bb][et_pb_text _builder_version=\u00a0\u00bb4.27.4&Prime; _module_preset=\u00a0\u00bbdefault\u00a0\u00bb header_2_font=\u00a0\u00bbLato|&#8211;et_global_heading_font_weight|||||||\u00a0\u00bb header_2_font_size=\u00a0\u00bb28px\u00a0\u00bb header_2_line_height=\u00a0\u00bb1.4em\u00a0\u00bb global_colors_info=\u00a0\u00bb{}\u00a0\u00bb]<\/p>\n<h2>Approches durables de la restauration des plages<\/h2>\n<p>[\/et_pb_text][et_pb_text _builder_version=\u00a0\u00bb4.27.4&Prime; _module_preset=\u00a0\u00bbdefault\u00a0\u00bb global_colors_info=\u00a0\u00bb{}\u00a0\u00bb]<\/p>\n<p>Chez <strong>Nautilus Dragados<\/strong>, nous mettons en \u0153uvre des <strong>m\u00e9thodes durables pour la restauration des plages<\/strong>, en donnant la priorit\u00e9 aux techniques qui minimisent l&rsquo;impact sur l&rsquo;environnement et favorisent la <strong>gestion durable des plages<\/strong>. Voici quelques-unes de nos strat\u00e9gies : <\/p>\n<p>[\/et_pb_text][\/et_pb_column][\/et_pb_row][et_pb_row column_structure=\u00a0\u00bb1_3,1_3,1_3&Prime; _builder_version=\u00a0\u00bb4.27.4&Prime; _module_preset=\u00a0\u00bbdefault\u00a0\u00bb global_colors_info=\u00a0\u00bb{}\u00a0\u00bb][et_pb_column type=\u00a0\u00bb1_3&Prime; _builder_version=\u00a0\u00bb4.27.4&Prime; _module_preset=\u00a0\u00bbdefault\u00a0\u00bb global_colors_info=\u00a0\u00bb{}\u00a0\u00bb][et_pb_blurb title=\u00a0\u00bbNourrissement artificiel des plages\u00a0\u00bb image=\u00a0\u00bbhttps:\/\/www.nautilusdragados.com\/wp-content\/uploads\/2025\/01\/dragado-rios-puertos.jpg\u00a0\u00bb alt=\u00a0\u00bbDragage des rivi\u00e8res et des ports\u00a0\u00bb icon_alignment=\u00a0\u00bbcenter\u00a0\u00bb _builder_version=\u00a0\u00bb4.27.4&Prime; _module_preset=\u00a0\u00bbdefault\u00a0\u00bb header_text_align=\u00a0\u00bbcenter\u00a0\u00bb text_orientation=\u00a0\u00bbcenter\u00a0\u00bb global_colors_info=\u00a0\u00bb{}\u00a0\u00bb]<\/p>\n<p>En pompant le sable, nous restaurons les plages \u00e9rod\u00e9es, prot\u00e9geant ainsi le littoral et favorisant la biodiversit\u00e9.<\/p>\n<p>[\/et_pb_blurb][\/et_pb_column][et_pb_column type=\u00a0\u00bb1_3&Prime; _builder_version=\u00a0\u00bb4.27.4&Prime; _module_preset=\u00a0\u00bbdefault\u00a0\u00bb global_colors_info=\u00a0\u00bb{}\u00a0\u00bb][et_pb_blurb title=\u00a0\u00bbConstruction de structures marines et c\u00f4ti\u00e8res :\u00a0\u00bb image=\u00a0\u00bbhttps:\/\/www.nautilusdragados.com\/wp-content\/uploads\/2025\/02\/estructuras-marinas.jpg\u00a0\u00bb alt=\u00a0\u00bbDragage des rivi\u00e8res et des ports\u00a0\u00bb icon_alignment=\u00a0\u00bbcenter\u00a0\u00bb _builder_version=\u00a0\u00bb4.27.4&Prime; _module_preset=\u00a0\u00bbdefault\u00a0\u00bb header_text_align=\u00a0\u00bbcenter\u00a0\u00bb text_orientation=\u00a0\u00bbcenter\u00a0\u00bb hover_enabled=\u00a0\u00bb0&Prime; global_colors_info=\u00a0\u00bb{}\u00a0\u00bb sticky_enabled=\u00a0\u00bb0&Prime;]<\/p>\n<p>Nous utilisons des syst\u00e8mes de conteneurs g\u00e9osynth\u00e9tiques pour la protection des c\u00f4tes comme alternative \u00e9conomique et naturelle aux brise-lames et au b\u00e9ton.<\/p>\n<p>[\/et_pb_blurb][\/et_pb_column][et_pb_column type=\u00a0\u00bb1_3&Prime; _builder_version=\u00a0\u00bb4.27.4&Prime; _module_preset=\u00a0\u00bbdefault\u00a0\u00bb global_colors_info=\u00a0\u00bb{}\u00a0\u00bb][et_pb_blurb title=\u00a0\u00bbD\u00e9shydratation des boues et des s\u00e9diments\u00a0\u00bb image=\u00a0\u00bbhttps:\/\/www.nautilusdragados.com\/wp-content\/uploads\/2025\/02\/desecado3.jpg\u00a0\u00bb alt=\u00a0\u00bbDragage des rivi\u00e8res et des ports\u00a0\u00bb icon_alignment=\u00a0\u00bbcenter\u00a0\u00bb _builder_version=\u00a0\u00bb4.27.4&Prime; _module_preset=\u00a0\u00bbdefault\u00a0\u00bb header_text_align=\u00a0\u00bbcenter\u00a0\u00bb text_orientation=\u00a0\u00bbcenter\u00a0\u00bb global_colors_info=\u00a0\u00bb{}\u00a0\u00bb]<\/p>\n<p>Nous appliquons des techniques avanc\u00e9es pour la d\u00e9shydratation des boues et des s\u00e9diments, ce qui am\u00e9liore la qualit\u00e9 de l&rsquo;eau et favorise le d\u00e9veloppement durable.<\/p>\n<p>[\/et_pb_blurb][\/et_pb_column][\/et_pb_row][et_pb_row _builder_version=\u00a0\u00bb4.27.4&Prime; _module_preset=\u00a0\u00bbdefault\u00a0\u00bb global_colors_info=\u00a0\u00bb{}\u00a0\u00bb][et_pb_column type=\u00a0\u00bb4_4&Prime; _builder_version=\u00a0\u00bb4.27.4&Prime; _module_preset=\u00a0\u00bbdefault\u00a0\u00bb global_colors_info=\u00a0\u00bb{}\u00a0\u00bb][et_pb_text _builder_version=\u00a0\u00bb4.27.4&Prime; _module_preset=\u00a0\u00bbdefault\u00a0\u00bb header_3_font=\u00a0\u00bbLato|&#8211;et_global_heading_font_weight|||||||\u00a0\u00bb header_3_font_size=\u00a0\u00bb24px\u00a0\u00bb header_3_font_size_tablet=\u00a0\u00bb24px\u00a0\u00bb header_3_font_size_phone=\u00a0\u00bb19px\u00a0\u00bb header_3_font_size_last_edited=\u00a0\u00bbon|desktop\u00a0\u00bb global_colors_info=\u00a0\u00bb{}\u00a0\u00bb]<\/p>\n<h3>Comment nous proc\u00e9dons<\/h3>\n<p>[\/et_pb_text][\/et_pb_column][\/et_pb_row][et_pb_row column_structure=\u00a0\u00bb3_5,2_5&Prime; _builder_version=\u00a0\u00bb4.27.0&Prime; _module_preset=\u00a0\u00bbdefault\u00a0\u00bb global_colors_info=\u00a0\u00bb{}\u00a0\u00bb][et_pb_column type=\u00a0\u00bb3_5&Prime; _builder_version=\u00a0\u00bb4.27.0&Prime; _module_preset=\u00a0\u00bbdefault\u00a0\u00bb global_colors_info=\u00a0\u00bb{}\u00a0\u00bb][et_pb_text _builder_version=\u00a0\u00bb4.27.4&Prime; _module_preset=\u00a0\u00bbdefault\u00a0\u00bb global_colors_info=\u00a0\u00bb{}\u00a0\u00bb]<\/p>\n<p>Nous utilisons des <strong>techniques avanc\u00e9es de pompage du sable<\/strong> qui nous permettent de restaurer les zones \u00e9rod\u00e9es et de redonner aux plages leur splendeur d&rsquo;origine. Ce processus am\u00e9liore non seulement l&rsquo;esth\u00e9tique du littoral, mais contribue \u00e9galement \u00e0 la <strong>protection de la biodiversit\u00e9 marine<\/strong>, en cr\u00e9ant un habitat appropri\u00e9 pour de nombreuses esp\u00e8ces. <\/p>\n<p>[\/et_pb_text][et_pb_text ul_item_indent=\u00a0\u00bb17px\u00a0\u00bb _builder_version=\u00a0\u00bb4.27.4&Prime; _module_preset=\u00a0\u00bbdefault\u00a0\u00bb ul_line_height=\u00a0\u00bb2em\u00a0\u00bb global_colors_info=\u00a0\u00bb{}\u00a0\u00bb]<\/p>\n<ul>\n<li style=\"list-style-type: none;\">\n<ul>\n<li style=\"list-style-type: none;\">\n<ul>\n<li style=\"list-style-type: none;\">\n<ul>\n<li>Nous <strong>pompons le sable<\/strong> des zones les plus profondes du fond marin directement vers les plages, sans avoir \u00e0 transporter les mat\u00e9riaux dans des camions.<\/li>\n<li>Le pompage direct du sable permet <strong>d&rsquo;\u00e9largir les plages<\/strong> et d&rsquo;augmenter les parties peu profondes afin de ralentir le processus d&rsquo;\u00e9rosion \u00e0 l&rsquo;avenir.<\/li>\n<li><strong>Le sable des fonds marins est filtr\u00e9<\/strong> et d\u00e9barrass\u00e9 des plastiques et autres particules.<\/li>\n<li>Nous pouvons <strong>stocker le sable dans des g\u00e9otubes<\/strong> pour l&rsquo;utiliser plus tard dans la saison.<\/li>\n<li><strong>Le sable peut \u00eatre pomp\u00e9 sur une distance de 10 km<\/strong>, ce qui r\u00e9duit consid\u00e9rablement les besoins en transport par camion.<\/li>\n<\/ul>\n<\/li>\n<\/ul>\n<\/li>\n<\/ul>\n<\/li>\n<\/ul>\n<p>[\/et_pb_text][\/et_pb_column][et_pb_column type=\u00a0\u00bb2_5&Prime; _builder_version=\u00a0\u00bb4.27.0&Prime; _module_preset=\u00a0\u00bbdefault\u00a0\u00bb global_colors_info=\u00a0\u00bb{}\u00a0\u00bb][et_pb_image src=\u00a0\u00bbhttps:\/\/www.nautilusdragados.com\/wp-content\/uploads\/2024\/09\/restaura-playa.jpg\u00a0\u00bb title_text=\u00a0\u00bbrestaura-playa\u00a0\u00bb _builder_version=\u00a0\u00bb4.27.0&Prime; _module_preset=\u00a0\u00bbdefault\u00a0\u00bb global_colors_info=\u00a0\u00bb{}\u00a0\u00bb][\/et_pb_image][\/et_pb_column][\/et_pb_row][et_pb_row _builder_version=\u00a0\u00bb4.27.0&Prime; _module_preset=\u00a0\u00bbdefault\u00a0\u00bb global_colors_info=\u00a0\u00bb{}\u00a0\u00bb][et_pb_column type=\u00a0\u00bb4_4&Prime; _builder_version=\u00a0\u00bb4.27.0&Prime; _module_preset=\u00a0\u00bbdefault\u00a0\u00bb global_colors_info=\u00a0\u00bb{}\u00a0\u00bb][et_pb_text _builder_version=\u00a0\u00bb4.27.4&Prime; _module_preset=\u00a0\u00bbdefault\u00a0\u00bb header_3_font=\u00a0\u00bbLato|&#8211;et_global_heading_font_weight|||||||\u00a0\u00bb header_3_font_size=\u00a0\u00bb24px\u00a0\u00bb header_3_font_size_tablet=\u00a0\u00bb24px\u00a0\u00bb header_3_font_size_phone=\u00a0\u00bb19px\u00a0\u00bb header_3_font_size_last_edited=\u00a0\u00bbon|desktop\u00a0\u00bb global_colors_info=\u00a0\u00bb{}\u00a0\u00bb]<\/p>\n<h3>Nettoyer le sable en m\u00eame temps<\/h3>\n<p>[\/et_pb_text][et_pb_text _builder_version=\u00a0\u00bb4.27.4&Prime; _module_preset=\u00a0\u00bbdefault\u00a0\u00bb global_colors_info=\u00a0\u00bb{}\u00a0\u00bb]<\/p>\n<p>En outre, notre travail de <strong>nettoyage du sable<\/strong> va au-del\u00e0 de la simple collecte des d\u00e9chets. Nous disposons d&rsquo;un \u00e9quipement sp\u00e9cialis\u00e9 qui garantit un <strong>nettoyage en profondeur<\/strong>, en \u00e9liminant les contaminants et les d\u00e9bris qui peuvent affecter la qualit\u00e9 de l&rsquo;eau et la sant\u00e9 \u00e9cologique de l&rsquo;environnement. Notre approche m\u00e9ticuleuse garantit que chaque coin de la plage est <strong>exempt d&rsquo;\u00e9l\u00e9ments nocifs<\/strong>, ce qui permet aux r\u00e9sidents et aux touristes de profiter d&rsquo;un espace propre et s\u00fbr.  <\/p>\n<p>[\/et_pb_text][et_pb_text ul_item_indent=\u00a0\u00bb17px\u00a0\u00bb _builder_version=\u00a0\u00bb4.27.4&Prime; _module_preset=\u00a0\u00bbdefault\u00a0\u00bb ul_line_height=\u00a0\u00bb2em\u00a0\u00bb global_colors_info=\u00a0\u00bb{}\u00a0\u00bb]<\/p>\n<ul>\n<li style=\"list-style-type: none;\">\n<ul>\n<li style=\"list-style-type: none;\">\n<ul>\n<li style=\"list-style-type: none;\">\n<ul>\n<li><strong>Le sable<\/strong> provenant du dragage ou de la restauration des plages <strong>passe par notre filtre<\/strong> et est d\u00e9barrass\u00e9 des plastiques et autres mat\u00e9riaux.<\/li>\n<li><strong>Le plastique est r\u00e9cup\u00e9r\u00e9 dans le sable<\/strong> et peut \u00eatre recycl\u00e9 dans une op\u00e9ration s\u00e9par\u00e9e.<\/li>\n<li><strong>Le sable peut \u00eatre pomp\u00e9 sur plusieurs kilom\u00e8tres<\/strong>, ce qui r\u00e9duit le besoin de camions pour le transporter le long des plages.<\/li>\n<\/ul>\n<\/li>\n<\/ul>\n<\/li>\n<\/ul>\n<\/li>\n<\/ul>\n<p>[\/et_pb_text][et_pb_image src=\u00a0\u00bbhttps:\/\/www.nautilusdragados.com\/wp-content\/uploads\/2024\/09\/restaura-playa-2.jpg\u00a0\u00bb title_text=\u00a0\u00bbrestaura-playa-2&Prime; align=\u00a0\u00bbcenter\u00a0\u00bb _builder_version=\u00a0\u00bb4.27.0&Prime; _module_preset=\u00a0\u00bbdefault\u00a0\u00bb global_colors_info=\u00a0\u00bb{}\u00a0\u00bb][\/et_pb_image][\/et_pb_column][\/et_pb_row][et_pb_row _builder_version=\u00a0\u00bb4.27.4&Prime; _module_preset=\u00a0\u00bbdefault\u00a0\u00bb background_color=\u00a0\u00bb#ce9402&Prime; custom_padding=\u00a0\u00bb20px|20px|20px|20px|false|false\u00a0\u00bb border_radii=\u00a0\u00bbon|20px|20px|20px|20px\u00a0\u00bb global_colors_info=\u00a0\u00bb{}\u00a0\u00bb][et_pb_column type=\u00a0\u00bb4_4&Prime; _builder_version=\u00a0\u00bb4.27.4&Prime; _module_preset=\u00a0\u00bbdefault\u00a0\u00bb global_colors_info=\u00a0\u00bb{}\u00a0\u00bb][et_pb_icon font_icon=\u00a0\u00bb&#xf06c;||fa||900&Prime; icon_color=\u00a0\u00bb#FFFFFF\u00a0\u00bb _builder_version=\u00a0\u00bb4.27.4&Prime; _module_preset=\u00a0\u00bbdefault\u00a0\u00bb global_colors_info=\u00a0\u00bb{}\u00a0\u00bb][\/et_pb_icon][et_pb_text _builder_version=\u00a0\u00bb4.27.4&Prime; _module_preset=\u00a0\u00bbdefault\u00a0\u00bb header_2_font=\u00a0\u00bbLato|&#8211;et_global_heading_font_weight|||||||\u00a0\u00bb header_2_text_color=\u00a0\u00bb#FFFFFF\u00a0\u00bb header_2_font_size=\u00a0\u00bb28px\u00a0\u00bb header_2_line_height=\u00a0\u00bb1.4em\u00a0\u00bb global_colors_info=\u00a0\u00bb{%22gcid-primary-color%22:%91%22link_text_color%22,%22link_text_color%22%93,%22gcid-heading-color%22:%91%22header_text_color%22,%22header_4_text_color%22,%22header_3_text_color%22,%22header_5_text_color%22,%22header_6_text_color%22,%22quote_text_color%22,%22header_text_color%22,%22header_4_text_color%22,%22header_3_text_color%22,%22header_5_text_color%22,%22header_6_text_color%22,%22quote_text_color%22%93,%22gcid-body-color%22:%91%22text_text_color%22,%22text_text_color%22%93,%22gcid-secondary-color%22:%91%22quote_border_color%22,%22quote_border_color%22%93}\u00a0\u00bb]<\/p>\n<h2>Impacts environnementaux de la r\u00e9g\u00e9n\u00e9ration des plages<\/h2>\n<p>[\/et_pb_text][et_pb_text _builder_version=\u00a0\u00bb4.27.4&Prime; _module_preset=\u00a0\u00bbdefault\u00a0\u00bb text_text_color=\u00a0\u00bb#FFFFFF\u00a0\u00bb global_colors_info=\u00a0\u00bb{%22gcid-primary-color%22:%91%22link_text_color%22,%22link_text_color%22%93,%22gcid-heading-color%22:%91%22header_text_color%22,%22header_4_text_color%22,%22header_3_text_color%22,%22header_2_text_color%22,%22header_5_text_color%22,%22header_6_text_color%22,%22quote_text_color%22,%22header_text_color%22,%22header_4_text_color%22,%22header_3_text_color%22,%22header_2_text_color%22,%22header_5_text_color%22,%22header_6_text_color%22,%22quote_text_color%22%93,%22gcid-secondary-color%22:%91%22quote_border_color%22,%22quote_border_color%22%93}\u00a0\u00bb]<\/p>\n<p>Nous sommes conscients de <strong>l&rsquo;impact environnemental de la r\u00e9g\u00e9n\u00e9ration des plages<\/strong> et nous nous effor\u00e7ons de minimiser les effets n\u00e9gatifs. Nos techniques sont con\u00e7ues pour \u00eatre aussi peu invasives que possible, ce qui garantit la pr\u00e9servation des \u00e9cosyst\u00e8mes marins et c\u00f4tiers. En outre, nous encourageons <strong>la restauration durable des plages<\/strong>, en veillant \u00e0 ce que nos interventions profitent \u00e0 la fois \u00e0 l&rsquo;environnement et aux communaut\u00e9s locales.  <\/p>\n<p>[\/et_pb_text][\/et_pb_column][\/et_pb_row][et_pb_row _builder_version=\u00a0\u00bb4.27.4&Prime; _module_preset=\u00a0\u00bbdefault\u00a0\u00bb global_colors_info=\u00a0\u00bb{}\u00a0\u00bb][et_pb_column type=\u00a0\u00bb4_4&Prime; _builder_version=\u00a0\u00bb4.27.4&Prime; _module_preset=\u00a0\u00bbdefault\u00a0\u00bb global_colors_info=\u00a0\u00bb{}\u00a0\u00bb][et_pb_text _builder_version=\u00a0\u00bb4.27.4&Prime; _module_preset=\u00a0\u00bbdefault\u00a0\u00bb header_2_font=\u00a0\u00bbLato|&#8211;et_global_heading_font_weight|||||||\u00a0\u00bb header_2_font_size=\u00a0\u00bb28px\u00a0\u00bb header_2_line_height=\u00a0\u00bb1.4em\u00a0\u00bb global_colors_info=\u00a0\u00bb{}\u00a0\u00bb]<\/p>\n<h2>Projets de restauration de plages en Espagne<\/h2>\n<p>[\/et_pb_text][et_pb_text _builder_version=\u00a0\u00bb4.27.4&Prime; _module_preset=\u00a0\u00bbdefault\u00a0\u00bb global_colors_info=\u00a0\u00bb{}\u00a0\u00bb]<\/p>\n<p>Nous avons men\u00e9 \u00e0 bien plusieurs <strong>projets de restauration de plages en Espagne<\/strong>, notamment sur la <strong>Costa del Sol<\/strong>, mais nous pouvons intervenir sur toute la c\u00f4te m\u00e9diterran\u00e9enne et l&rsquo;atlantique (y compris dans des pays comme le Maroc et le Portugal). Notre \u00e9quipe d&rsquo;experts travaille en \u00e9troite collaboration avec les administrations publiques et les autorit\u00e9s locales pour d\u00e9velopper des solutions sur mesure qui r\u00e9pondent aux besoins sp\u00e9cifiques de chaque plage. <\/p>\n<p>[\/et_pb_text][\/et_pb_column][\/et_pb_row][et_pb_row _builder_version=\u00a0\u00bb4.27.4&Prime; _module_preset=\u00a0\u00bbdefault\u00a0\u00bb global_colors_info=\u00a0\u00bb{}\u00a0\u00bb][et_pb_column type=\u00a0\u00bb4_4&Prime; _builder_version=\u00a0\u00bb4.27.4&Prime; _module_preset=\u00a0\u00bbdefault\u00a0\u00bb global_colors_info=\u00a0\u00bb{}\u00a0\u00bb][et_pb_text _builder_version=\u00a0\u00bb4.27.4&Prime; _module_preset=\u00a0\u00bbdefault\u00a0\u00bb header_2_font=\u00a0\u00bbLato|&#8211;et_global_heading_font_weight|||||||\u00a0\u00bb header_2_font_size=\u00a0\u00bb28px\u00a0\u00bb header_2_line_height=\u00a0\u00bb1.4em\u00a0\u00bb global_colors_info=\u00a0\u00bb{}\u00a0\u00bb]<\/p>\n<h2>Avantages de la restauration des plages<\/h2>\n<p>[\/et_pb_text][et_pb_text _builder_version=\u00a0\u00bb4.27.4&Prime; _module_preset=\u00a0\u00bbdefault\u00a0\u00bb global_colors_info=\u00a0\u00bb{}\u00a0\u00bb]<\/p>\n<p>La <strong>restauration des plages<\/strong> offre de multiples avantages, dont les suivants :<\/p>\n<p>[\/et_pb_text][\/et_pb_column][\/et_pb_row][et_pb_row column_structure=\u00a0\u00bb1_3,1_3,1_3&Prime; _builder_version=\u00a0\u00bb4.27.4&Prime; _module_preset=\u00a0\u00bbdefault\u00a0\u00bb locked=\u00a0\u00bboff\u00a0\u00bb global_colors_info=\u00a0\u00bb{}\u00a0\u00bb][et_pb_column type=\u00a0\u00bb1_3&Prime; _builder_version=\u00a0\u00bb4.27.4&Prime; _module_preset=\u00a0\u00bbdefault\u00a0\u00bb global_colors_info=\u00a0\u00bb{}\u00a0\u00bb][et_pb_blurb title=\u00a0\u00bbProtection des c\u00f4tes\u00a0\u00bb use_icon=\u00a0\u00bbon\u00a0\u00bb font_icon=\u00a0\u00bb&#xf3ed;||fa||900&Prime; icon_color=\u00a0\u00bb#E09900&Prime; icon_alignment=\u00a0\u00bbcenter\u00a0\u00bb _builder_version=\u00a0\u00bb4.27.4&Prime; _module_preset=\u00a0\u00bbdefault\u00a0\u00bb header_text_align=\u00a0\u00bbcenter\u00a0\u00bb text_orientation=\u00a0\u00bbcenter\u00a0\u00bb global_colors_info=\u00a0\u00bb{%22gcid-heading-color%22:%91%22header_text_color%22,%22header_text_color%22%93,%22gcid-body-color%22:%91%22body_text_color%22,%22body_text_color%22%93,%22gcid-primary-color%22:%91%22body_link_text_color%22,%22body_link_text_color%22%93}\u00a0\u00bb]<\/p>\n<p>Les plages constituent des barri\u00e8res naturelles contre les temp\u00eates et l&rsquo;\u00e9rosion, prot\u00e9geant ainsi les infrastructures et les communaut\u00e9s c\u00f4ti\u00e8res.<\/p>\n<p>[\/et_pb_blurb][\/et_pb_column][et_pb_column type=\u00a0\u00bb1_3&Prime; _builder_version=\u00a0\u00bb4.27.4&Prime; _module_preset=\u00a0\u00bbdefault\u00a0\u00bb global_colors_info=\u00a0\u00bb{}\u00a0\u00bb][et_pb_blurb title=\u00a0\u00bbPromotion du tourisme\u00a0\u00bb use_icon=\u00a0\u00bbon\u00a0\u00bb font_icon=\u00a0\u00bb&#xf5ca;||fa||900&Prime; icon_color=\u00a0\u00bb#E09900&Prime; icon_alignment=\u00a0\u00bbcenter\u00a0\u00bb _builder_version=\u00a0\u00bb4.27.4&Prime; _module_preset=\u00a0\u00bbdefault\u00a0\u00bb header_text_align=\u00a0\u00bbcenter\u00a0\u00bb text_orientation=\u00a0\u00bbcenter\u00a0\u00bb global_colors_info=\u00a0\u00bb{%22gcid-heading-color%22:%91%22header_text_color%22,%22header_text_color%22%93,%22gcid-body-color%22:%91%22body_text_color%22,%22body_text_color%22%93,%22gcid-primary-color%22:%91%22body_link_text_color%22,%22body_link_text_color%22%93}\u00a0\u00bb]<\/p>\n<p>Des plages bien entretenues et attrayantes constituent une attraction touristique importante, qui stimule les \u00e9conomies locales.<\/p>\n<p>[\/et_pb_blurb][\/et_pb_column][et_pb_column type=\u00a0\u00bb1_3&Prime; _builder_version=\u00a0\u00bb4.27.4&Prime; _module_preset=\u00a0\u00bbdefault\u00a0\u00bb global_colors_info=\u00a0\u00bb{}\u00a0\u00bb][et_pb_blurb title=\u00a0\u00bbConservation des \u00e9cosyst\u00e8mes\u00a0\u00bb use_icon=\u00a0\u00bbon\u00a0\u00bb font_icon=\u00a0\u00bb&#xf56b;||fa||900&Prime; icon_color=\u00a0\u00bb#E09900&Prime; icon_alignment=\u00a0\u00bbcenter\u00a0\u00bb _builder_version=\u00a0\u00bb4.27.4&Prime; _module_preset=\u00a0\u00bbdefault\u00a0\u00bb header_text_align=\u00a0\u00bbcenter\u00a0\u00bb text_orientation=\u00a0\u00bbcenter\u00a0\u00bb global_colors_info=\u00a0\u00bb{%22gcid-heading-color%22:%91%22header_text_color%22,%22header_text_color%22%93,%22gcid-body-color%22:%91%22body_text_color%22,%22body_text_color%22%93,%22gcid-primary-color%22:%91%22body_link_text_color%22,%22body_link_text_color%22%93}\u00a0\u00bb]<\/p>\n<div class=\"et_pb_text_inner\">\n<div data-shortcode-id=\"2.10.0.1-1739438335485\" data-quickaccess-editable=\"yes\" class=\"et-fb-popover-tinymce\">\n<div class=\"mce-content-body\" contenteditable=\"true\" style=\"position: relative;\">\n<p>Une restauration ad\u00e9quate des plages contribue \u00e0 la pr\u00e9servation d&rsquo;habitats essentiels pour diverses esp\u00e8ces marines et d&rsquo;oiseaux.<\/p>\n<\/div>\n<\/div>\n<\/div>\n<div class=\"et-fb-mousetrap et-fb-mousetrap--module et-fb-mousetrap-pointer\" style=\"background: 0px center; pointer-events: auto;\"><\/div>\n<p>[\/et_pb_blurb][\/et_pb_column][\/et_pb_row][et_pb_row _builder_version=\u00a0\u00bb4.27.4&Prime; _module_preset=\u00a0\u00bbdefault\u00a0\u00bb global_colors_info=\u00a0\u00bb{}\u00a0\u00bb][et_pb_column type=\u00a0\u00bb4_4&Prime; _builder_version=\u00a0\u00bb4.27.4&Prime; _module_preset=\u00a0\u00bbdefault\u00a0\u00bb global_colors_info=\u00a0\u00bb{}\u00a0\u00bb][et_pb_text _builder_version=\u00a0\u00bb4.27.4&Prime; _module_preset=\u00a0\u00bbdefault\u00a0\u00bb global_colors_info=\u00a0\u00bb{}\u00a0\u00bb]<\/p>\n<p>La synergie entre <strong>nos techniques de restauration et de nettoyage<\/strong> garantit que nos plages ne sont pas seulement visuellement attrayantes, mais aussi saines et durables. Chez <strong>Nautilus Dragados<\/strong>, nous ne nous contentons pas de <strong>restaurer les plages<\/strong> ; nous contribuons \u00e0 <strong>cr\u00e9er un avenir plus propre<\/strong>, o\u00f9 l&rsquo;\u00e9quilibre entre l&rsquo;homme et la nature est une r\u00e9alit\u00e9 palpable. Avec chaque projet, nous r\u00e9affirmons notre mission de relever <strong>les d\u00e9fis de l&rsquo;environnement marin avec des solutions innovantes et efficaces<\/strong>. Parce que chaque grain de sable que nous r\u00e9cup\u00e9rons est un pas vers une plan\u00e8te plus saine.   <\/p>\n<p>[\/et_pb_text][\/et_pb_column][\/et_pb_row][\/et_pb_section][et_pb_section fb_built=\u00a0\u00bb1&Prime; admin_label=\u00a0\u00bbAbout\u00a0\u00bb _builder_version=\u00a0\u00bb4.25.1&Prime; _module_preset=\u00a0\u00bbdefault\u00a0\u00bb locked=\u00a0\u00bboff\u00a0\u00bb collapsed=\u00a0\u00bbon\u00a0\u00bb global_colors_info=\u00a0\u00bb{}\u00a0\u00bb][et_pb_row _builder_version=\u00a0\u00bb4.25.1&Prime; _module_preset=\u00a0\u00bb048d8e79-b07f-439b-bd57-f41c14f0a56b\u00a0\u00bb global_colors_info=\u00a0\u00bb{}\u00a0\u00bb][et_pb_column type=\u00a0\u00bb4_4&Prime; _builder_version=\u00a0\u00bb4.25.1&Prime; _module_preset=\u00a0\u00bbdefault\u00a0\u00bb global_colors_info=\u00a0\u00bb{}\u00a0\u00bb][et_pb_heading title=\u00a0\u00bbA propos de nous\u00a0\u00bb _builder_version=\u00a0\u00bb4.25.2&Prime; _module_preset=\u00a0\u00bbc33f07d9-41e0-421a-8799-5799df695cce\u00a0\u00bb title_font=\u00a0\u00bbIBM Plex Sans Condensed|IBM Plex Sans Condensed_weight|||||||\u00a0\u00bb title_text_align=\u00a0\u00bbcenter\u00a0\u00bb title_text_color=\u00a0\u00bb#111111&Prime; global_colors_info=\u00a0\u00bb{}\u00a0\u00bb][\/et_pb_heading][et_pb_text _builder_version=\u00a0\u00bb4.27.4&Prime; _module_preset=\u00a0\u00bb2c55a9c4-feed-423b-9edb-ae0b5b365cac\u00a0\u00bb text_font=\u00a0\u00bbIBM Plex Sans|IBM Plex Sans_weight|||||||\u00a0\u00bb text_text_color=\u00a0\u00bbrgba(0,0,0,0.64)\u00a0\u00bb link_font=\u00a0\u00bb|IBM Plex Sans_weight|||||||\u00a0\u00bb quote_font=\u00a0\u00bbIBM Plex Sans Condensed|IBM Plex Sans Condensed_weight|||||||\u00a0\u00bb quote_text_color=\u00a0\u00bb#111111&Prime; header_font=\u00a0\u00bbIBM Plex Sans Condensed|IBM Plex Sans Condensed_weight|||||||\u00a0\u00bb header_text_color=\u00a0\u00bb#111111&Prime; header_2_font=\u00a0\u00bbIBM Plex Sans Condensed|IBM Plex Sans Condensed_weight|||||||\u00a0\u00bb header_2_text_color=\u00a0\u00bb#111111&Prime; header_3_font=\u00a0\u00bbIBM Plex Sans Condensed|IBM Plex Sans Condensed_weight|||||||\u00a0\u00bb header_3_text_color=\u00a0\u00bb#111111&Prime; header_4_font=\u00a0\u00bbIBM Plex Sans Condensed|IBM Plex Sans Condensed_weight|||||||\u00a0\u00bb header_4_text_color=\u00a0\u00bb#111111&Prime; header_5_font=\u00a0\u00bbIBM Plex Sans Condensed|IBM Plex Sans Condensed_weight|||||||\u00a0\u00bb header_5_text_color=\u00a0\u00bb#111111&Prime; header_6_font=\u00a0\u00bbIBM Plex Sans Condensed|IBM Plex Sans Condensed_weight|||||||\u00a0\u00bb header_6_text_color=\u00a0\u00bb#111111&Prime; text_orientation=\u00a0\u00bbcenter\u00a0\u00bb global_colors_info=\u00a0\u00bb{}\u00a0\u00bb]<\/p>\n<p><span>Nautilus Dragados Espa\u00f1a, bas\u00e9e \u00e0 M\u00e1laga (Espagne), est sp\u00e9cialis\u00e9e dans le dragage et le nettoyage des ports, des plages et d&rsquo;autres environnements aquatiques. Fond\u00e9e \u00e0 l&rsquo;origine en Norv\u00e8ge, l&rsquo;entreprise a accumul\u00e9 une vaste exp\u00e9rience dans les projets de nettoyage et de restauration dans ce pays. Nous op\u00e9rons sur toute la c\u00f4te m\u00e9diterran\u00e9enne de l&rsquo;Espagne et sur une partie de l&rsquo;Atlantique, couvrant tout le littoral de l&rsquo;Espagne et du Portugal, ainsi que le Maroc. Notre engagement en faveur du d\u00e9veloppement durable et de l&rsquo;environnement est au c\u0153ur de notre mission. Nous utilisons des technologies de pointe telles que la d\u00e9shydratation par polym\u00e8res ou par sacs en vrac pour garantir l&rsquo;efficacit\u00e9 de nos op\u00e9rations et le respect de l&rsquo;environnement. Chez Dragados Nautilus, nous sommes fiers de proposer des solutions innovantes pour relever les d\u00e9fis de l&rsquo;environnement marin.<\/span><\/p>\n<p>[\/et_pb_text][\/et_pb_column][\/et_pb_row][\/et_pb_section][et_pb_section fb_built=\u00a0\u00bb1&Prime; admin_label=\u00a0\u00bbCall to Action\u00a0\u00bb _builder_version=\u00a0\u00bb4.24.3&Prime; _module_preset=\u00a0\u00bbdefault\u00a0\u00bb background_enable_color=\u00a0\u00bboff\u00a0\u00bb use_background_color_gradient=\u00a0\u00bbon\u00a0\u00bb background_color_gradient_stops=\u00a0\u00bbrgba(0,0,0,0.5) 0%|rgba(0,0,0,0.5) 100%\u00a0\u00bb background_color_gradient_overlays_image=\u00a0\u00bbon\u00a0\u00bb background_image=\u00a0\u00bbhttps:\/\/www.nautilusdragados.com\/wp-content\/uploads\/2024\/09\/0-f275328d-09a5-441b-a05d-4ee02aa677e8-1920&#215;1080.jpg\u00a0\u00bb custom_padding=\u00a0\u00bb5vw||5vw||true|false\u00a0\u00bb locked=\u00a0\u00bboff\u00a0\u00bb collapsed=\u00a0\u00bbon\u00a0\u00bb global_colors_info=\u00a0\u00bb{%22gcid-36fd78a7-34bc-404d-873c-dafa34efaae5%22:%91%22background_color%22%93}\u00a0\u00bb][et_pb_row _builder_version=\u00a0\u00bb4.18.0&Prime; _module_preset=\u00a0\u00bb5138c454-be54-4233-bd3b-f8e6a8747976&Prime; global_colors_info=\u00a0\u00bb{}\u00a0\u00bb][et_pb_column type=\u00a0\u00bb4_4&Prime; _builder_version=\u00a0\u00bb4.18.0&Prime; _module_preset=\u00a0\u00bb73121f80-a3ef-4484-8763-c3f18e3c56d2&Prime; global_colors_info=\u00a0\u00bb{}\u00a0\u00bb][et_pb_cta title=\u00a0\u00bbContactez-nous d\u00e8s aujourd&apos;hui !\u00a0\u00bb button_url=\u00a0\u00bb@ET-DC@eyJkeW5hbWljIjp0cnVlLCJjb250ZW50IjoicG9zdF9saW5rX3VybF9wYWdlIiwic2V0dGluZ3MiOnsicG9zdF9pZCI6IjI4IiwiZW5hYmxlX2h0bWwiOiJvZmYifX0=@\u00a0\u00bb button_text=\u00a0\u00bbDemande d&apos;information\u00a0\u00bb _builder_version=\u00a0\u00bb4.27.4&Prime; _dynamic_attributes=\u00a0\u00bbbutton_url\u00a0\u00bb _module_preset=\u00a0\u00bb4c2ad5d0-871e-414e-a4be-aa9134d4ae8e\u00a0\u00bb header_font=\u00a0\u00bbIBM Plex Sans Condensed|IBM Plex Sans Condensed_weight|||||||\u00a0\u00bb header_text_color=\u00a0\u00bb#111111&Prime; body_font=\u00a0\u00bbIBM Plex Sans||||||||\u00a0\u00bb body_text_color=\u00a0\u00bbrgba(0,0,0,0.64)\u00a0\u00bb button_font=\u00a0\u00bbIBM Plex Sans|700|||||||\u00a0\u00bb custom_padding=\u00a0\u00bb60px|60px|60px|60px|true|true\u00a0\u00bb custom_padding_tablet=\u00a0\u00bb30px|30px|30px|30px|true|true\u00a0\u00bb custom_padding_phone=\u00a0\u00bb20px|20px|20px|20px|true|true\u00a0\u00bb custom_padding_last_edited=\u00a0\u00bbon|desktop\u00a0\u00bb locked=\u00a0\u00bboff\u00a0\u00bb global_colors_info=\u00a0\u00bb{%22gcid-f2943306-fa6c-45f0-b632-5fc00151366a%22:%91%22button_text_color%22%93,%22gcid-36fd78a7-34bc-404d-873c-dafa34efaae5%22:%91%22button_text_color%22,%22color%22,%22background_color%22%93,%22gcid-7cadd8b3-5228-48e4-90c4-212d09232f7b%22:%91%22color%22,%22color%22,%22color%22,%22color%22%93,%22gcid-f113ad93-2527-46d7-862b-fc71181c6b5e%22:%91%22border_color_all%22,%22border_color_all%22%93}\u00a0\u00bb text_font_size_tablet=\u00a0\u00bb16px\u00a0\u00bb text_font_size_phone=\u00a0\u00bb14px\u00a0\u00bb text_font_size_last_edited=\u00a0\u00bbon|phone\u00a0\u00bb]<\/p>\n<p>Si vous souhaitez en savoir plus sur nos solutions de <strong>restauration des plages<\/strong> ou discuter d&rsquo;un projet sp\u00e9cifique, n&rsquo;h\u00e9sitez pas \u00e0 nous contacter. Chez <strong>Nautilus Dragados<\/strong>, nous nous engageons \u00e0 <strong>prot\u00e9ger et \u00e0 revitaliser nos c\u00f4tes<\/strong>, en offrant des solutions durables et efficaces pour lutter contre l&rsquo;\u00e9rosion des plages. <\/p>\n<p>[\/et_pb_cta][\/et_pb_column][\/et_pb_row][\/et_pb_section]<\/p>\n","protected":false},"excerpt":{"rendered":"<p>Solutions de dragage int\u00e9gr\u00e9esSp\u00e9cialistes de l&rsquo;assainissement et de la restauration des milieux aquatiques pour un avenir plus propre et plus durable.Chez Nautilus Dragados, nous sommes sp\u00e9cialis\u00e9s dans la restauration des plages \u00e9rod\u00e9es, offrant des solutions innovantes et durables pour lutter contre l&rsquo;\u00e9rosion c\u00f4ti\u00e8re et pr\u00e9server nos c\u00f4tes. Notre mission est de prot\u00e9ger et de revitaliser les plages. Nous comprenons que les plages sont un tr\u00e9sor naturel dont nous devons prendre soin et que nous devons pr\u00e9server, pour que les g\u00e9n\u00e9rations futures puissent en profiter. Notre service de restauration des plages est une d\u00e9monstration claire de notre engagement en faveur de la durabilit\u00e9 et de la beaut\u00e9 de nos environnements aquatiques.Causes de l&rsquo;\u00e9rosion des plagesL&rsquo;\u00e9rosion des plages est un ph\u00e9nom\u00e8ne naturel qui peut \u00eatre aggrav\u00e9 par les activit\u00e9s humaines et les ph\u00e9nom\u00e8nes m\u00e9t\u00e9orologiques extr\u00eames. Les principales causes sont les suivantes : Les temp\u00eates, les ondes de temp\u00eate et les changements dans les courants oc\u00e9aniques peuvent d\u00e9placer de grandes quantit\u00e9s de sable, r\u00e9duisant ainsi la largeur des plages.La construction d&rsquo;infrastructures c\u00f4ti\u00e8res, telles que les ports et les jet\u00e9es, peut modifier la dynamique naturelle de la s\u00e9dimentation et de l&rsquo;\u00e9rosion.L&rsquo;\u00e9l\u00e9vation du niveau de la mer et l&rsquo;augmentation de la fr\u00e9quence des temp\u00eates intenses [&hellip;]<\/p>\n","protected":false},"author":1,"featured_media":1106,"parent":0,"menu_order":0,"comment_status":"closed","ping_status":"closed","template":"","meta":{"_et_pb_use_builder":"on","_et_pb_old_content":"","_et_gb_content_width":"","footnotes":""},"class_list":["post-1194","page","type-page","status-publish","has-post-thumbnail","hentry"],"yoast_head":"<!-- This site is optimized with the Yoast SEO plugin v27.5 - https:\/\/yoast.com\/product\/yoast-seo-wordpress\/ -->\n<title>Restauration des plages \ud83c\udfd6\ufe0f - Nautilus Dragados<\/title>\n<meta name=\"description\" content=\"D\u00e9couvrez comment Dragados Nautilus ouvre la voie \u00e0 la restauration des plages \u00e9rod\u00e9es, en mettant en \u0153uvre des techniques durables et avanc\u00e9es pour lutter contre l&#039;\u00e9rosion c\u00f4ti\u00e8re et promouvoir des plages durables.es.\" \/>\n<meta name=\"robots\" content=\"index, follow, max-snippet:-1, max-image-preview:large, max-video-preview:-1\" \/>\n<link rel=\"canonical\" href=\"https:\/\/www.nautilusdragados.com\/fr\/restauration-des-plages\/\" \/>\n<meta property=\"og:locale\" content=\"fr_FR\" \/>\n<meta property=\"og:type\" content=\"article\" \/>\n<meta property=\"og:title\" content=\"Restauration des plages \ud83c\udfd6\ufe0f - Nautilus Dragados\" \/>\n<meta property=\"og:description\" content=\"D\u00e9couvrez comment Dragados Nautilus ouvre la voie \u00e0 la restauration des plages \u00e9rod\u00e9es, en mettant en \u0153uvre des techniques durables et avanc\u00e9es pour lutter contre l&#039;\u00e9rosion c\u00f4ti\u00e8re et promouvoir des plages durables.es.\" \/>\n<meta property=\"og:url\" content=\"https:\/\/www.nautilusdragados.com\/fr\/restauration-des-plages\/\" \/>\n<meta property=\"og:site_name\" content=\"Nautilus Dragados\" \/>\n<meta property=\"article:modified_time\" content=\"2025-03-10T08:26:29+00:00\" \/>\n<meta property=\"og:image\" content=\"https:\/\/www.nautilusdragados.com\/wp-content\/uploads\/2025\/01\/dragado-rios-puertos.jpg\" \/>\n\t<meta property=\"og:image:width\" content=\"800\" \/>\n\t<meta property=\"og:image:height\" content=\"600\" \/>\n\t<meta property=\"og:image:type\" content=\"image\/jpeg\" \/>\n<meta name=\"twitter:card\" content=\"summary_large_image\" \/>\n<meta name=\"twitter:label1\" content=\"Dur\u00e9e de lecture estim\u00e9e\" \/>\n\t<meta name=\"twitter:data1\" content=\"19 minutes\" \/>\n<script type=\"application\/ld+json\" class=\"yoast-schema-graph\">{\"@context\":\"https:\\\/\\\/schema.org\",\"@graph\":[{\"@type\":\"WebPage\",\"@id\":\"https:\\\/\\\/www.nautilusdragados.com\\\/fr\\\/restauration-des-plages\\\/\",\"url\":\"https:\\\/\\\/www.nautilusdragados.com\\\/fr\\\/restauration-des-plages\\\/\",\"name\":\"Restauration des plages \ud83c\udfd6\ufe0f - Nautilus Dragados\",\"isPartOf\":{\"@id\":\"https:\\\/\\\/www.nautilusdragados.com\\\/fr\\\/#website\"},\"primaryImageOfPage\":{\"@id\":\"https:\\\/\\\/www.nautilusdragados.com\\\/fr\\\/restauration-des-plages\\\/#primaryimage\"},\"image\":{\"@id\":\"https:\\\/\\\/www.nautilusdragados.com\\\/fr\\\/restauration-des-plages\\\/#primaryimage\"},\"thumbnailUrl\":\"https:\\\/\\\/www.nautilusdragados.com\\\/wp-content\\\/uploads\\\/2025\\\/01\\\/dragado-rios-puertos.jpg\",\"datePublished\":\"2024-09-24T12:21:42+00:00\",\"dateModified\":\"2025-03-10T08:26:29+00:00\",\"description\":\"D\u00e9couvrez comment Dragados Nautilus ouvre la voie \u00e0 la restauration des plages \u00e9rod\u00e9es, en mettant en \u0153uvre des techniques durables et avanc\u00e9es pour lutter contre l'\u00e9rosion c\u00f4ti\u00e8re et promouvoir des plages durables.es.\",\"breadcrumb\":{\"@id\":\"https:\\\/\\\/www.nautilusdragados.com\\\/fr\\\/restauration-des-plages\\\/#breadcrumb\"},\"inLanguage\":\"fr-FR\",\"potentialAction\":[{\"@type\":\"ReadAction\",\"target\":[\"https:\\\/\\\/www.nautilusdragados.com\\\/fr\\\/restauration-des-plages\\\/\"]}]},{\"@type\":\"ImageObject\",\"inLanguage\":\"fr-FR\",\"@id\":\"https:\\\/\\\/www.nautilusdragados.com\\\/fr\\\/restauration-des-plages\\\/#primaryimage\",\"url\":\"https:\\\/\\\/www.nautilusdragados.com\\\/wp-content\\\/uploads\\\/2025\\\/01\\\/dragado-rios-puertos.jpg\",\"contentUrl\":\"https:\\\/\\\/www.nautilusdragados.com\\\/wp-content\\\/uploads\\\/2025\\\/01\\\/dragado-rios-puertos.jpg\",\"width\":800,\"height\":600},{\"@type\":\"BreadcrumbList\",\"@id\":\"https:\\\/\\\/www.nautilusdragados.com\\\/fr\\\/restauration-des-plages\\\/#breadcrumb\",\"itemListElement\":[{\"@type\":\"ListItem\",\"position\":1,\"name\":\"Portada\",\"item\":\"https:\\\/\\\/www.nautilusdragados.com\\\/fr\\\/\"},{\"@type\":\"ListItem\",\"position\":2,\"name\":\"Restauration des plages\"}]},{\"@type\":\"WebSite\",\"@id\":\"https:\\\/\\\/www.nautilusdragados.com\\\/fr\\\/#website\",\"url\":\"https:\\\/\\\/www.nautilusdragados.com\\\/fr\\\/\",\"name\":\"Dragados Nautilus\",\"description\":\"Retos medioambientales marinos\",\"publisher\":{\"@id\":\"https:\\\/\\\/www.nautilusdragados.com\\\/fr\\\/#organization\"},\"potentialAction\":[{\"@type\":\"SearchAction\",\"target\":{\"@type\":\"EntryPoint\",\"urlTemplate\":\"https:\\\/\\\/www.nautilusdragados.com\\\/fr\\\/?s={search_term_string}\"},\"query-input\":{\"@type\":\"PropertyValueSpecification\",\"valueRequired\":true,\"valueName\":\"search_term_string\"}}],\"inLanguage\":\"fr-FR\"},{\"@type\":\"Organization\",\"@id\":\"https:\\\/\\\/www.nautilusdragados.com\\\/fr\\\/#organization\",\"name\":\"Dragados Nautilus\",\"url\":\"https:\\\/\\\/www.nautilusdragados.com\\\/fr\\\/\",\"logo\":{\"@type\":\"ImageObject\",\"inLanguage\":\"fr-FR\",\"@id\":\"https:\\\/\\\/www.nautilusdragados.com\\\/fr\\\/#\\\/schema\\\/logo\\\/image\\\/\",\"url\":\"https:\\\/\\\/www.nautilusdragados.com\\\/wp-content\\\/uploads\\\/2024\\\/09\\\/logo-nautilus.png\",\"contentUrl\":\"https:\\\/\\\/www.nautilusdragados.com\\\/wp-content\\\/uploads\\\/2024\\\/09\\\/logo-nautilus.png\",\"width\":482,\"height\":115,\"caption\":\"Dragados Nautilus\"},\"image\":{\"@id\":\"https:\\\/\\\/www.nautilusdragados.com\\\/fr\\\/#\\\/schema\\\/logo\\\/image\\\/\"}}]}<\/script>\n<!-- \/ Yoast SEO plugin. -->","yoast_head_json":{"title":"Restauration des plages \ud83c\udfd6\ufe0f - Nautilus Dragados","description":"D\u00e9couvrez comment Dragados Nautilus ouvre la voie \u00e0 la restauration des plages \u00e9rod\u00e9es, en mettant en \u0153uvre des techniques durables et avanc\u00e9es pour lutter contre l'\u00e9rosion c\u00f4ti\u00e8re et promouvoir des plages durables.es.","robots":{"index":"index","follow":"follow","max-snippet":"max-snippet:-1","max-image-preview":"max-image-preview:large","max-video-preview":"max-video-preview:-1"},"canonical":"https:\/\/www.nautilusdragados.com\/fr\/restauration-des-plages\/","og_locale":"fr_FR","og_type":"article","og_title":"Restauration des plages \ud83c\udfd6\ufe0f - Nautilus Dragados","og_description":"D\u00e9couvrez comment Dragados Nautilus ouvre la voie \u00e0 la restauration des plages \u00e9rod\u00e9es, en mettant en \u0153uvre des techniques durables et avanc\u00e9es pour lutter contre l'\u00e9rosion c\u00f4ti\u00e8re et promouvoir des plages durables.es.","og_url":"https:\/\/www.nautilusdragados.com\/fr\/restauration-des-plages\/","og_site_name":"Nautilus Dragados","article_modified_time":"2025-03-10T08:26:29+00:00","og_image":[{"width":800,"height":600,"url":"https:\/\/www.nautilusdragados.com\/wp-content\/uploads\/2025\/01\/dragado-rios-puertos.jpg","type":"image\/jpeg"}],"twitter_card":"summary_large_image","twitter_misc":{"Dur\u00e9e de lecture estim\u00e9e":"19 minutes"},"schema":{"@context":"https:\/\/schema.org","@graph":[{"@type":"WebPage","@id":"https:\/\/www.nautilusdragados.com\/fr\/restauration-des-plages\/","url":"https:\/\/www.nautilusdragados.com\/fr\/restauration-des-plages\/","name":"Restauration des plages \ud83c\udfd6\ufe0f - Nautilus Dragados","isPartOf":{"@id":"https:\/\/www.nautilusdragados.com\/fr\/#website"},"primaryImageOfPage":{"@id":"https:\/\/www.nautilusdragados.com\/fr\/restauration-des-plages\/#primaryimage"},"image":{"@id":"https:\/\/www.nautilusdragados.com\/fr\/restauration-des-plages\/#primaryimage"},"thumbnailUrl":"https:\/\/www.nautilusdragados.com\/wp-content\/uploads\/2025\/01\/dragado-rios-puertos.jpg","datePublished":"2024-09-24T12:21:42+00:00","dateModified":"2025-03-10T08:26:29+00:00","description":"D\u00e9couvrez comment Dragados Nautilus ouvre la voie \u00e0 la restauration des plages \u00e9rod\u00e9es, en mettant en \u0153uvre des techniques durables et avanc\u00e9es pour lutter contre l'\u00e9rosion c\u00f4ti\u00e8re et promouvoir des plages durables.es.","breadcrumb":{"@id":"https:\/\/www.nautilusdragados.com\/fr\/restauration-des-plages\/#breadcrumb"},"inLanguage":"fr-FR","potentialAction":[{"@type":"ReadAction","target":["https:\/\/www.nautilusdragados.com\/fr\/restauration-des-plages\/"]}]},{"@type":"ImageObject","inLanguage":"fr-FR","@id":"https:\/\/www.nautilusdragados.com\/fr\/restauration-des-plages\/#primaryimage","url":"https:\/\/www.nautilusdragados.com\/wp-content\/uploads\/2025\/01\/dragado-rios-puertos.jpg","contentUrl":"https:\/\/www.nautilusdragados.com\/wp-content\/uploads\/2025\/01\/dragado-rios-puertos.jpg","width":800,"height":600},{"@type":"BreadcrumbList","@id":"https:\/\/www.nautilusdragados.com\/fr\/restauration-des-plages\/#breadcrumb","itemListElement":[{"@type":"ListItem","position":1,"name":"Portada","item":"https:\/\/www.nautilusdragados.com\/fr\/"},{"@type":"ListItem","position":2,"name":"Restauration des plages"}]},{"@type":"WebSite","@id":"https:\/\/www.nautilusdragados.com\/fr\/#website","url":"https:\/\/www.nautilusdragados.com\/fr\/","name":"Dragados Nautilus","description":"Retos medioambientales marinos","publisher":{"@id":"https:\/\/www.nautilusdragados.com\/fr\/#organization"},"potentialAction":[{"@type":"SearchAction","target":{"@type":"EntryPoint","urlTemplate":"https:\/\/www.nautilusdragados.com\/fr\/?s={search_term_string}"},"query-input":{"@type":"PropertyValueSpecification","valueRequired":true,"valueName":"search_term_string"}}],"inLanguage":"fr-FR"},{"@type":"Organization","@id":"https:\/\/www.nautilusdragados.com\/fr\/#organization","name":"Dragados Nautilus","url":"https:\/\/www.nautilusdragados.com\/fr\/","logo":{"@type":"ImageObject","inLanguage":"fr-FR","@id":"https:\/\/www.nautilusdragados.com\/fr\/#\/schema\/logo\/image\/","url":"https:\/\/www.nautilusdragados.com\/wp-content\/uploads\/2024\/09\/logo-nautilus.png","contentUrl":"https:\/\/www.nautilusdragados.com\/wp-content\/uploads\/2024\/09\/logo-nautilus.png","width":482,"height":115,"caption":"Dragados Nautilus"},"image":{"@id":"https:\/\/www.nautilusdragados.com\/fr\/#\/schema\/logo\/image\/"}}]}},"_links":{"self":[{"href":"https:\/\/www.nautilusdragados.com\/fr\/wp-json\/wp\/v2\/pages\/1194","targetHints":{"allow":["GET"]}}],"collection":[{"href":"https:\/\/www.nautilusdragados.com\/fr\/wp-json\/wp\/v2\/pages"}],"about":[{"href":"https:\/\/www.nautilusdragados.com\/fr\/wp-json\/wp\/v2\/types\/page"}],"author":[{"embeddable":true,"href":"https:\/\/www.nautilusdragados.com\/fr\/wp-json\/wp\/v2\/users\/1"}],"replies":[{"embeddable":true,"href":"https:\/\/www.nautilusdragados.com\/fr\/wp-json\/wp\/v2\/comments?post=1194"}],"version-history":[{"count":20,"href":"https:\/\/www.nautilusdragados.com\/fr\/wp-json\/wp\/v2\/pages\/1194\/revisions"}],"predecessor-version":[{"id":1558,"href":"https:\/\/www.nautilusdragados.com\/fr\/wp-json\/wp\/v2\/pages\/1194\/revisions\/1558"}],"wp:featuredmedia":[{"embeddable":true,"href":"https:\/\/www.nautilusdragados.com\/fr\/wp-json\/wp\/v2\/media\/1106"}],"wp:attachment":[{"href":"https:\/\/www.nautilusdragados.com\/fr\/wp-json\/wp\/v2\/media?parent=1194"}],"curies":[{"name":"wp","href":"https:\/\/api.w.org\/{rel}","templated":true}]}}