{"id":2406,"date":"2025-08-04T06:28:46","date_gmt":"2025-08-04T06:28:46","guid":{"rendered":"https:\/\/www.nautilusdragados.com\/traitement-de-leau\/"},"modified":"2025-08-04T08:30:57","modified_gmt":"2025-08-04T08:30:57","slug":"traitement-de-leau","status":"publish","type":"page","link":"https:\/\/www.nautilusdragados.com\/fr\/traitement-de-leau\/","title":{"rendered":"Traitement de l&rsquo;eau"},"content":{"rendered":"<p>[et_pb_section fb_built=\u00a0\u00bb1&Prime; admin_label=\u00a0\u00bbHero\u00a0\u00bb _builder_version=\u00a0\u00bb4.27.4&Prime; _module_preset=\u00a0\u00bb74c69059-8e69-4122-b1e6-dfeabf6c5711&Prime; use_background_color_gradient=\u00a0\u00bboff\u00a0\u00bb background_image=\u00a0\u00bbhttps:\/\/www.nautilusdragados.com\/wp-content\/uploads\/2025\/08\/pexels-pixabay-45229.jpg\u00a0\u00bb background_enable_image=\u00a0\u00bbon\u00a0\u00bb custom_padding=\u00a0\u00bb||||false|false\u00a0\u00bb locked=\u00a0\u00bboff\u00a0\u00bb collapsed=\u00a0\u00bbon\u00a0\u00bb global_colors_info=\u00a0\u00bb{}\u00a0\u00bb][et_pb_row _builder_version=\u00a0\u00bb4.18.0&Prime; _module_preset=\u00a0\u00bb5138c454-be54-4233-bd3b-f8e6a8747976&Prime; locked=\u00a0\u00bboff\u00a0\u00bb global_colors_info=\u00a0\u00bb{}\u00a0\u00bb][et_pb_column type=\u00a0\u00bb4_4&Prime; _builder_version=\u00a0\u00bb4.16&Prime; _module_preset=\u00a0\u00bb73121f80-a3ef-4484-8763-c3f18e3c56d2&Prime; global_colors_info=\u00a0\u00bb{}\u00a0\u00bb][et_pb_text _builder_version=\u00a0\u00bb4.27.4&Prime; _module_preset=\u00a0\u00bbdefault\u00a0\u00bb text_font=\u00a0\u00bb&#8211;et_global_body_font|700||on|||||\u00a0\u00bb text_text_color=\u00a0\u00bb#FFFFFF\u00a0\u00bb text_line_height=\u00a0\u00bb1em\u00a0\u00bb text_text_shadow_style=\u00a0\u00bbpreset5&Prime; locked=\u00a0\u00bboff\u00a0\u00bb global_colors_info=\u00a0\u00bb{%22gcid-primary-color%22:%91%22link_text_color%22,%22link_text_color%22%93,%22gcid-heading-color%22:%91%22header_text_color%22,%22header_4_text_color%22,%22header_3_text_color%22,%22header_2_text_color%22,%22header_5_text_color%22,%22header_6_text_color%22,%22quote_text_color%22,%22header_text_color%22,%22header_4_text_color%22,%22header_3_text_color%22,%22header_2_text_color%22,%22header_5_text_color%22,%22header_6_text_color%22,%22quote_text_color%22%93,%22gcid-secondary-color%22:%91%22quote_border_color%22,%22quote_border_color%22%93}\u00a0\u00bb]<\/p>\n<p>Dessalement et traitement de l&rsquo;eau<\/p>\n<p>[\/et_pb_text][et_pb_heading title=\u00a0\u00bbTraitement de l&rsquo;eau\u00a0\u00bb _builder_version=\u00a0\u00bb4.27.4&Prime; _module_preset=\u00a0\u00bbddeb8c09-9078-4424-bc15-2efb6572e28e\u00a0\u00bb title_font=\u00a0\u00bb&#8211;et_global_heading_font|IBM Plex Sans Condensed_weight|||||||\u00a0\u00bb title_text_color=\u00a0\u00bb#FFFFFF\u00a0\u00bb locked=\u00a0\u00bboff\u00a0\u00bb global_colors_info=\u00a0\u00bb{}\u00a0\u00bb][\/et_pb_heading][et_pb_text _builder_version=\u00a0\u00bb4.27.4&Prime; _module_preset=\u00a0\u00bb0504de1e-f5ff-4281-ba60-cbbe4edf98bc\u00a0\u00bb text_font=\u00a0\u00bb&#8211;et_global_body_font|IBM Plex Sans_weight|||||||\u00a0\u00bb quote_font=\u00a0\u00bbIBM Plex Sans Condensed|IBM Plex Sans Condensed_weight|||||||\u00a0\u00bb header_font=\u00a0\u00bbIBM Plex Sans Condensed|IBM Plex Sans Condensed_weight|||||||\u00a0\u00bb header_2_font=\u00a0\u00bbIBM Plex Sans Condensed|IBM Plex Sans Condensed_weight|||||||\u00a0\u00bb header_3_font=\u00a0\u00bbIBM Plex Sans Condensed|IBM Plex Sans Condensed_weight|||||||\u00a0\u00bb header_4_font=\u00a0\u00bbIBM Plex Sans Condensed|IBM Plex Sans Condensed_weight|||||||\u00a0\u00bb header_5_font=\u00a0\u00bbIBM Plex Sans Condensed|IBM Plex Sans Condensed_weight|||||||\u00a0\u00bb header_6_font=\u00a0\u00bbIBM Plex Sans Condensed|IBM Plex Sans Condensed_weight|||||||\u00a0\u00bb locked=\u00a0\u00bboff\u00a0\u00bb global_colors_info=\u00a0\u00bb{}\u00a0\u00bb]Les technologies Nautilus qui alimentent l&rsquo;ensemble du cycle de l&rsquo;eau[\/et_pb_text][et_pb_button button_url=\u00a0\u00bb#costas\u00a0\u00bb button_text=\u00a0\u00bbEn savoir plus\u00a0\u00bb _builder_version=\u00a0\u00bb4.27.4&Prime; _module_preset=\u00a0\u00bbab15fb74-61a3-43aa-96b3-41e09aeef654&Prime; button_font=\u00a0\u00bbIBM Plex Sans|700|||||||\u00a0\u00bb locked=\u00a0\u00bboff\u00a0\u00bb global_colors_info=\u00a0\u00bb{}\u00a0\u00bb][\/et_pb_button][\/et_pb_column][\/et_pb_row][\/et_pb_section][et_pb_section fb_built=\u00a0\u00bb1&Prime; module_id=\u00a0\u00bbcostas\u00a0\u00bb _builder_version=\u00a0\u00bb4.27.4&Prime; _module_preset=\u00a0\u00bbdefault\u00a0\u00bb background_enable_pattern_style=\u00a0\u00bbon\u00a0\u00bb background_pattern_style=\u00a0\u00bbconfetti\u00a0\u00bb background_pattern_color=\u00a0\u00bbrgba(50,188,225,0.1)\u00a0\u00bb global_colors_info=\u00a0\u00bb{}\u00a0\u00bb][et_pb_row _builder_version=\u00a0\u00bb4.27.4&Prime; _module_preset=\u00a0\u00bbdefault\u00a0\u00bb global_colors_info=\u00a0\u00bb{}\u00a0\u00bb][et_pb_column type=\u00a0\u00bb4_4&Prime; _builder_version=\u00a0\u00bb4.27.4&Prime; _module_preset=\u00a0\u00bbdefault\u00a0\u00bb global_colors_info=\u00a0\u00bb{}\u00a0\u00bb][et_pb_text _builder_version=\u00a0\u00bb4.27.4&Prime; _module_preset=\u00a0\u00bbdefault\u00a0\u00bb header_2_font=\u00a0\u00bbLato|&#8211;et_global_heading_font_weight|||||||\u00a0\u00bb header_2_font_size=\u00a0\u00bb28px\u00a0\u00bb header_2_line_height=\u00a0\u00bb1.4em\u00a0\u00bb global_colors_info=\u00a0\u00bb{}\u00a0\u00bb]<\/p>\n<h2>Qu\u2019est-ce que le cycle int\u00e9gr\u00e9 de l\u2019eau ?<\/h2>\n<p>[\/et_pb_text][et_pb_text _builder_version=\u00a0\u00bb4.27.4&Prime; _module_preset=\u00a0\u00bbdefault\u00a0\u00bb global_colors_info=\u00a0\u00bb{}\u00a0\u00bb]<\/p>\n<p>Le <strong>cycle complet de l&rsquo;eau<\/strong> est la somme de tous les processus naturels et humains qui permettent la gestion int\u00e9grale des ressources en eau. Contrairement au cycle naturel de l&rsquo;eau (pr\u00e9cipitations, infiltration, \u00e9vaporation), il int\u00e8gre les \u00e9tapes d&rsquo;intervention humaine n\u00e9cessaires pour assurer l&rsquo;approvisionnement, la qualit\u00e9 et la durabilit\u00e9 de l&rsquo;eau : <\/p>\n<p>[\/et_pb_text][et_pb_text _builder_version=\u00a0\u00bb4.27.4&Prime; _module_preset=\u00a0\u00bbdefault\u00a0\u00bb global_colors_info=\u00a0\u00bb{}\u00a0\u00bb]<\/p>\n<ol>\n<li style=\"list-style-type: none;\">\n<ol>\n<li><strong>Captage<\/strong> : Extraction d&rsquo;eau \u00e0 partir de sources naturelles (rivi\u00e8res, r\u00e9servoirs, aquif\u00e8res, mer).<\/li>\n<li><strong>Traitement<\/strong> : Proc\u00e9d\u00e9s visant \u00e0 rendre l&rsquo;eau potable ou \u00e0 l&rsquo;adapter aux usages requis.<\/li>\n<li><strong>Distribution<\/strong> : Livraison d&rsquo;eau trait\u00e9e aux utilisateurs domestiques, industriels ou agricoles.<\/li>\n<li><strong>Utilisation<\/strong> : Application de l&rsquo;eau dans diverses activit\u00e9s.<\/li>\n<li><strong>Collecte des eaux us\u00e9es<\/strong> : Canalisation des eaux us\u00e9es.<\/li>\n<li><strong>\u00c9puration<\/strong> : Traitement des eaux us\u00e9es pour \u00e9liminer les contaminants. : Traitement des eaux us\u00e9es pour \u00e9liminer les contaminants.<\/li>\n<li><strong>R\u00e9utilisation ou rejet contr\u00f4l\u00e9<\/strong> : L\u2019eau trait\u00e9e est renvoy\u00e9e \u00e0 l\u2019environnement ou r\u00e9utilis\u00e9e.<\/li>\n<\/ol>\n<\/li>\n<\/ol>\n<p>[\/et_pb_text][et_pb_text _builder_version=\u00a0\u00bb4.27.4&Prime; _module_preset=\u00a0\u00bbdefault\u00a0\u00bb global_colors_info=\u00a0\u00bb{}\u00a0\u00bb]<\/p>\n<p>Chacune de ces \u00e9tapes repr\u00e9sente une opportunit\u00e9 de mettre en \u0153uvre des solutions qui optimisent les ressources, r\u00e9duisent les impacts n\u00e9gatifs et favorisent la durabilit\u00e9.<\/p>\n<p>[\/et_pb_text][\/et_pb_column][\/et_pb_row][et_pb_row _builder_version=\u00a0\u00bb4.27.0&Prime; _module_preset=\u00a0\u00bbdefault\u00a0\u00bb global_colors_info=\u00a0\u00bb{}\u00a0\u00bb][et_pb_column type=\u00a0\u00bb4_4&Prime; _builder_version=\u00a0\u00bb4.27.0&Prime; _module_preset=\u00a0\u00bbdefault\u00a0\u00bb global_colors_info=\u00a0\u00bb{}\u00a0\u00bb][et_pb_text _builder_version=\u00a0\u00bb4.27.4&Prime; _module_preset=\u00a0\u00bbdefault\u00a0\u00bb header_2_font=\u00a0\u00bbLato|&#8211;et_global_heading_font_weight|||||||\u00a0\u00bb header_2_font_size=\u00a0\u00bb28px\u00a0\u00bb header_2_line_height=\u00a0\u00bb1.4em\u00a0\u00bb global_colors_info=\u00a0\u00bb{}\u00a0\u00bb]<\/p>\n<h2>Des solutions innovantes et durables pour l&rsquo;ensemble du cycle de l&rsquo;eau<\/h2>\n<p>[\/et_pb_text][et_pb_text _builder_version=\u00a0\u00bb4.27.4&Prime; _module_preset=\u00a0\u00bbdefault\u00a0\u00bb link_font=\u00a0\u00bb|&#8211;et_global_body_font_weight|||on||||\u00a0\u00bb global_colors_info=\u00a0\u00bb{}\u00a0\u00bb]<\/p>\n<p>Chez <strong>Nautilus Dragados<\/strong>, nous comprenons que l&rsquo;eau est une ressource essentielle \u00e0 la vie et au d\u00e9veloppement humain. C&rsquo;est pourquoi nous avons align\u00e9 nos solutions technologiques sur les principes de <a href=\"https:\/\/www.nautilusdragados.com\/fr\/economie-bleue\/\"><strong>l&rsquo;\u00e9conomie bleue<\/strong><\/a>, une strat\u00e9gie qui vise \u00e0 harmoniser la croissance \u00e9conomique avec la pr\u00e9servation des \u00e9cosyst\u00e8mes aquatiques. Gr\u00e2ce \u00e0 nos installations modulaires, compactes et durables, nous contribuons activement au <strong>cycle complet de l&rsquo;eau<\/strong>, garantissant efficacit\u00e9, responsabilit\u00e9 environnementale et acc\u00e8s \u00e0 l&rsquo;eau dans des contextes complexes.  <\/p>\n<p>[\/et_pb_text][et_pb_text _builder_version=\u00a0\u00bb4.27.4&Prime; _module_preset=\u00a0\u00bbdefault\u00a0\u00bb global_colors_info=\u00a0\u00bb{}\u00a0\u00bb]<\/p>\n<p>Cette section d\u00e9taille comment nos technologies participent \u00e0 chaque phase de l\u2019ensemble du cycle de l\u2019eau et comment nous promouvons un mod\u00e8le productif qui prot\u00e8ge les ressources marines et c\u00f4ti\u00e8res, favorisant des communaut\u00e9s r\u00e9silientes et durables.<\/p>\n<p>[\/et_pb_text][\/et_pb_column][\/et_pb_row][\/et_pb_section][et_pb_section fb_built=\u00a0\u00bb1&Prime; _builder_version=\u00a0\u00bb4.27.4&Prime; _module_preset=\u00a0\u00bbdefault\u00a0\u00bb use_background_color_gradient=\u00a0\u00bbon\u00a0\u00bb background_color_gradient_direction=\u00a0\u00bb323deg\u00a0\u00bb background_color_gradient_stops=\u00a0\u00bb#23214c 0%|#32bce1 100%\u00a0\u00bb background_enable_pattern_style=\u00a0\u00bbon\u00a0\u00bb background_pattern_style=\u00a0\u00bbconfetti\u00a0\u00bb background_pattern_color=\u00a0\u00bbrgba(50,188,225,0.1)\u00a0\u00bb global_colors_info=\u00a0\u00bb{}\u00a0\u00bb][et_pb_row _builder_version=\u00a0\u00bb4.27.0&Prime; _module_preset=\u00a0\u00bbdefault\u00a0\u00bb locked=\u00a0\u00bboff\u00a0\u00bb global_colors_info=\u00a0\u00bb{}\u00a0\u00bb][et_pb_column type=\u00a0\u00bb4_4&Prime; _builder_version=\u00a0\u00bb4.27.0&Prime; _module_preset=\u00a0\u00bbdefault\u00a0\u00bb global_colors_info=\u00a0\u00bb{}\u00a0\u00bb][et_pb_text _builder_version=\u00a0\u00bb4.27.4&Prime; _module_preset=\u00a0\u00bbdefault\u00a0\u00bb header_3_font=\u00a0\u00bbLato|&#8211;et_global_heading_font_weight|||||||\u00a0\u00bb header_3_text_color=\u00a0\u00bb#FFFFFF\u00a0\u00bb header_3_font_size=\u00a0\u00bb24px\u00a0\u00bb global_colors_info=\u00a0\u00bb{%22gcid-primary-color%22:%91%22link_text_color%22%93,%22gcid-heading-color%22:%91%22header_text_color%22,%22header_4_text_color%22,%22header_2_text_color%22,%22header_5_text_color%22,%22header_6_text_color%22,%22quote_text_color%22%93,%22gcid-body-color%22:%91%22text_text_color%22%93,%22gcid-secondary-color%22:%91%22quote_border_color%22%93}\u00a0\u00bb]<\/p>\n<h3>1. Usines de dessalement compactes<\/h3>\n<p>[\/et_pb_text][et_pb_text _builder_version=\u00a0\u00bb4.27.4&Prime; _module_preset=\u00a0\u00bbdefault\u00a0\u00bb header_3_font=\u00a0\u00bbLato|&#8211;et_global_heading_font_weight|||||||\u00a0\u00bb header_3_text_color=\u00a0\u00bb#FFFFFF\u00a0\u00bb header_3_font_size=\u00a0\u00bb24px\u00a0\u00bb header_4_text_color=\u00a0\u00bb#FFFFFF\u00a0\u00bb header_4_font_size=\u00a0\u00bb16px\u00a0\u00bb global_colors_info=\u00a0\u00bb{%22gcid-primary-color%22:%91%22link_text_color%22,%22link_text_color%22%93,%22gcid-heading-color%22:%91%22header_text_color%22,%22header_3_text_color%22,%22header_2_text_color%22,%22header_5_text_color%22,%22header_6_text_color%22,%22quote_text_color%22,%22header_text_color%22,%22header_2_text_color%22,%22header_5_text_color%22,%22header_6_text_color%22,%22quote_text_color%22%93,%22gcid-body-color%22:%91%22text_text_color%22,%22text_text_color%22%93,%22gcid-secondary-color%22:%91%22quote_border_color%22,%22quote_border_color%22%93}\u00a0\u00bb]<\/p>\n<h4>Installations mobiles de purification de l&rsquo;eau de mer et de l&rsquo;eau saum\u00e2tre<\/h4>\n<p>[\/et_pb_text][et_pb_text _builder_version=\u00a0\u00bb4.27.4&Prime; _module_preset=\u00a0\u00bbdefault\u00a0\u00bb text_text_color=\u00a0\u00bb#FFFFFF\u00a0\u00bb global_colors_info=\u00a0\u00bb{%22gcid-primary-color%22:%91%22link_text_color%22,%22link_text_color%22,%22link_text_color%22,%22link_text_color%22,%22link_text_color%22%93,%22gcid-heading-color%22:%91%22header_text_color%22,%22header_4_text_color%22,%22header_3_text_color%22,%22header_2_text_color%22,%22header_5_text_color%22,%22header_6_text_color%22,%22quote_text_color%22,%22header_text_color%22,%22header_4_text_color%22,%22header_3_text_color%22,%22header_2_text_color%22,%22header_5_text_color%22,%22header_6_text_color%22,%22quote_text_color%22,%22header_text_color%22,%22header_4_text_color%22,%22header_3_text_color%22,%22header_2_text_color%22,%22header_5_text_color%22,%22header_6_text_color%22,%22quote_text_color%22,%22header_text_color%22,%22header_4_text_color%22,%22header_3_text_color%22,%22header_2_text_color%22,%22header_5_text_color%22,%22header_6_text_color%22,%22quote_text_color%22,%22header_text_color%22,%22header_4_text_color%22,%22header_3_text_color%22,%22header_2_text_color%22,%22header_5_text_color%22,%22header_6_text_color%22,%22quote_text_color%22%93,%22gcid-secondary-color%22:%91%22quote_border_color%22,%22quote_border_color%22,%22quote_border_color%22,%22quote_border_color%22,%22quote_border_color%22%93}\u00a0\u00bb]<\/p>\n<p>Chez <strong>Nautilus Dragados<\/strong>, nous mettons en \u0153uvre des <strong>usines de dessalement compactes<\/strong> capables de traiter l&rsquo;eau de mer, l&rsquo;eau saum\u00e2tre ou toute autre source n\u00e9cessitant une purification. Ces unit\u00e9s sont int\u00e9gr\u00e9es dans des conteneurs modulaires, ce qui les rend <strong>faciles \u00e0 transporter, \u00e0 installer et \u00e0 exploiter dans pratiquement tous les environnements<\/strong> : zones c\u00f4ti\u00e8res, ports, r\u00e9gions arides, \u00eeles, installations industrielles ou situations d&rsquo;urgence. <\/p>\n<p>Gr\u00e2ce \u00e0 leur concept <strong>\u00ab Plug &amp; Play \u00bb<\/strong>, ces stations sont imm\u00e9diatement op\u00e9rationnelles d\u00e8s leur installation. Leur conception autonome et automatis\u00e9e permet un processus de dessalement complet, continu et efficace, <strong>sans intervention constante de l&rsquo;op\u00e9rateur<\/strong>. <\/p>\n<p>Chaque unit\u00e9 est \u00e9quip\u00e9e de syst\u00e8mes de <strong>surveillance \u00e0 distance<\/strong>, permettant une supervision op\u00e9rationnelle continue, ainsi que des r\u00e9glages et une maintenance \u00e0 distance. Cela garantit un <strong>service fiable et s\u00fbr, adapt\u00e9 aux besoins locaux<\/strong> en eau potable. <\/p>\n<p>Nos <strong>usines de dessalement modulaires<\/strong> sont con\u00e7ues pour transformer l&rsquo;eau de mer ou l&rsquo;eau saum\u00e2tre en eau potable gr\u00e2ce \u00e0 des proc\u00e9d\u00e9s d&rsquo;osmose inverse hautement performants. Elles constituent une solution id\u00e9ale pour : <\/p>\n<p>&nbsp;<\/p>\n<ul>\n<li style=\"list-style-type: none;\">\n<ul>\n<li>R\u00e9gions c\u00f4ti\u00e8res confront\u00e9es \u00e0 des p\u00e9nuries d&rsquo;eau douce<\/li>\n<li>\u00celes, installations portuaires ou bases \u00e9loign\u00e9es<\/li>\n<li>Industries n\u00e9cessitant une eau de haute qualit\u00e9 dans des zones sans acc\u00e8s conventionnel<\/li>\n<\/ul>\n<\/li>\n<\/ul>\n<p>[\/et_pb_text][\/et_pb_column][\/et_pb_row][et_pb_row column_structure=\u00a0\u00bb3_5,2_5&Prime; _builder_version=\u00a0\u00bb4.27.0&Prime; _module_preset=\u00a0\u00bbdefault\u00a0\u00bb locked=\u00a0\u00bboff\u00a0\u00bb global_colors_info=\u00a0\u00bb{}\u00a0\u00bb][et_pb_column type=\u00a0\u00bb3_5&Prime; _builder_version=\u00a0\u00bb4.27.0&Prime; _module_preset=\u00a0\u00bbdefault\u00a0\u00bb global_colors_info=\u00a0\u00bb{}\u00a0\u00bb][et_pb_text _builder_version=\u00a0\u00bb4.27.4&Prime; _module_preset=\u00a0\u00bbdefault\u00a0\u00bb text_text_color=\u00a0\u00bb#FFFFFF\u00a0\u00bb background_color=\u00a0\u00bb#23214c\u00a0\u00bb custom_padding=\u00a0\u00bb20px|20px|20px|20px|false|false\u00a0\u00bb border_radii=\u00a0\u00bbon|10px|10px|10px|10px\u00a0\u00bb global_colors_info=\u00a0\u00bb{%22gcid-primary-color%22:%91%22link_text_color%22%93,%22gcid-heading-color%22:%91%22header_text_color%22,%22header_4_text_color%22,%22header_3_text_color%22,%22header_2_text_color%22,%22header_5_text_color%22,%22header_6_text_color%22,%22quote_text_color%22%93,%22gcid-secondary-color%22:%91%22quote_border_color%22%93}\u00a0\u00bb]<\/p>\n<p><strong>Principaux avantages<\/strong><\/p>\n<ul>\n<li>Faible consommation d&rsquo;\u00e9nergie gr\u00e2ce aux technologies de r\u00e9cup\u00e9ration d&rsquo;\u00e9nergie<\/li>\n<li>Installation rapide (dans des conteneurs ou des structures pr\u00e9fabriqu\u00e9es)<\/li>\n<li>Conception compacte, robuste et facile \u00e0 entretenir<\/li>\n<li>Possibilit\u00e9 d&rsquo;int\u00e9gration avec les \u00e9nergies renouvelables (solaire, \u00e9olien)<\/li>\n<\/ul>\n<p>Ces plantes permettent la cr\u00e9ation de nouvelles sources d\u2019eau sans surexploiter les rivi\u00e8res ou les aquif\u00e8res, contribuant ainsi \u00e0 l\u2019\u00e9quilibre hydrique et \u00e0 l\u2019adaptation au changement climatique.<\/p>\n<p>[\/et_pb_text][\/et_pb_column][et_pb_column type=\u00a0\u00bb2_5&Prime; _builder_version=\u00a0\u00bb4.27.0&Prime; _module_preset=\u00a0\u00bbdefault\u00a0\u00bb global_colors_info=\u00a0\u00bb{}\u00a0\u00bb][et_pb_image src=\u00a0\u00bbhttps:\/\/www.nautilusdragados.com\/wp-content\/uploads\/2025\/08\/pexels-steve-861414.jpg\u00a0\u00bb title_text=\u00a0\u00bbpexels-steve-861414&Prime; _builder_version=\u00a0\u00bb4.27.4&Prime; _module_preset=\u00a0\u00bbdefault\u00a0\u00bb global_colors_info=\u00a0\u00bb{}\u00a0\u00bb][\/et_pb_image][\/et_pb_column][\/et_pb_row][\/et_pb_section][et_pb_section fb_built=\u00a0\u00bb1&Prime; _builder_version=\u00a0\u00bb4.27.4&Prime; _module_preset=\u00a0\u00bbdefault\u00a0\u00bb background_enable_pattern_style=\u00a0\u00bbon\u00a0\u00bb background_pattern_style=\u00a0\u00bbconfetti\u00a0\u00bb background_pattern_color=\u00a0\u00bbrgba(50,188,225,0.1)\u00a0\u00bb global_colors_info=\u00a0\u00bb{}\u00a0\u00bb][et_pb_row _builder_version=\u00a0\u00bb4.27.0&Prime; _module_preset=\u00a0\u00bbdefault\u00a0\u00bb locked=\u00a0\u00bboff\u00a0\u00bb global_colors_info=\u00a0\u00bb{}\u00a0\u00bb][et_pb_column type=\u00a0\u00bb4_4&Prime; _builder_version=\u00a0\u00bb4.27.0&Prime; _module_preset=\u00a0\u00bbdefault\u00a0\u00bb global_colors_info=\u00a0\u00bb{}\u00a0\u00bb][et_pb_text _builder_version=\u00a0\u00bb4.27.4&Prime; _module_preset=\u00a0\u00bbdefault\u00a0\u00bb header_3_font=\u00a0\u00bbLato|&#8211;et_global_heading_font_weight|||||||\u00a0\u00bb header_3_font_size=\u00a0\u00bb24px\u00a0\u00bb global_colors_info=\u00a0\u00bb{}\u00a0\u00bb]<\/p>\n<h3>2. Installations compactes pour la r\u00e9utilisation des eaux us\u00e9es<\/h3>\n<p>[\/et_pb_text][et_pb_text _builder_version=\u00a0\u00bb4.27.4&Prime; _module_preset=\u00a0\u00bbdefault\u00a0\u00bb header_3_font=\u00a0\u00bbLato|&#8211;et_global_heading_font_weight|||||||\u00a0\u00bb header_3_text_color=\u00a0\u00bb#FFFFFF\u00a0\u00bb header_3_font_size=\u00a0\u00bb24px\u00a0\u00bb header_4_text_color=\u00a0\u00bb#000000&Prime; header_4_font_size=\u00a0\u00bb16px\u00a0\u00bb locked=\u00a0\u00bboff\u00a0\u00bb global_colors_info=\u00a0\u00bb{%22gcid-primary-color%22:%91%22link_text_color%22,%22link_text_color%22,%22link_text_color%22%93,%22gcid-heading-color%22:%91%22header_text_color%22,%22header_3_text_color%22,%22header_2_text_color%22,%22header_5_text_color%22,%22header_6_text_color%22,%22quote_text_color%22,%22header_text_color%22,%22header_3_text_color%22,%22header_2_text_color%22,%22header_5_text_color%22,%22header_6_text_color%22,%22quote_text_color%22,%22header_text_color%22,%22header_2_text_color%22,%22header_5_text_color%22,%22header_6_text_color%22,%22quote_text_color%22%93,%22gcid-body-color%22:%91%22text_text_color%22,%22text_text_color%22,%22text_text_color%22%93,%22gcid-secondary-color%22:%91%22quote_border_color%22,%22quote_border_color%22,%22quote_border_color%22%93}\u00a0\u00bb]<\/p>\n<h4>Solutions mobiles et efficaces pour une utilisation circulaire de l&rsquo;eau<\/h4>\n<p>[\/et_pb_text][\/et_pb_column][\/et_pb_row][et_pb_row column_structure=\u00a0\u00bb3_5,2_5&Prime; _builder_version=\u00a0\u00bb4.27.4&Prime; _module_preset=\u00a0\u00bbdefault\u00a0\u00bb locked=\u00a0\u00bboff\u00a0\u00bb global_colors_info=\u00a0\u00bb{}\u00a0\u00bb][et_pb_column type=\u00a0\u00bb3_5&Prime; _builder_version=\u00a0\u00bb4.27.0&Prime; _module_preset=\u00a0\u00bbdefault\u00a0\u00bb global_colors_info=\u00a0\u00bb{}\u00a0\u00bb][et_pb_text _builder_version=\u00a0\u00bb4.27.4&Prime; _module_preset=\u00a0\u00bbdefault\u00a0\u00bb global_colors_info=\u00a0\u00bb{}\u00a0\u00bb]<\/p>\n<p>Chez Nautilus Dragados, nous proposons des syst\u00e8mes compacts pour le <strong>traitement et la r\u00e9utilisation<\/strong> des eaux us\u00e9es urbaines ou industrielles. Ces syst\u00e8mes transforment les eaux us\u00e9es en une nouvelle ressource utile pour : <\/p>\n<ul>\n<li style=\"list-style-type: none;\">\n<ul>\n<li>Irrigation des espaces verts ou des cultures<\/li>\n<li>Nettoyage urbain et arrosage des rues<\/li>\n<li><span>Proc\u00e9d\u00e9s industriels non potables<\/span><\/li>\n<li>Recharge des aquif\u00e8res et contr\u00f4le des intrusions salines<\/li>\n<\/ul>\n<\/li>\n<\/ul>\n<p>Nous disposons <strong>d&rsquo;usines de r\u00e9utilisation des eaux us\u00e9es compactes et mobiles<\/strong>, adapt\u00e9es aux applications <strong>de petite et moyenne \u00e9chelle<\/strong>, en fonction du volume requis pour chaque projet.<\/p>\n<p>Ces solutions sont con\u00e7ues pour donner une <strong>seconde vie \u00e0 l&rsquo;eau<\/strong>, r\u00e9duisant ainsi la consommation d&rsquo;eau potable et <strong>l&#8217;empreinte hydrique des industries, des installations urbaines et agricoles<\/strong>. Chaque syst\u00e8me est configur\u00e9 pour offrir une efficacit\u00e9, une flexibilit\u00e9 et une durabilit\u00e9 maximales. <\/p>\n<p>[\/et_pb_text][\/et_pb_column][et_pb_column type=\u00a0\u00bb2_5&Prime; _builder_version=\u00a0\u00bb4.27.0&Prime; _module_preset=\u00a0\u00bbdefault\u00a0\u00bb global_colors_info=\u00a0\u00bb{}\u00a0\u00bb][et_pb_text _builder_version=\u00a0\u00bb4.27.4&Prime; _module_preset=\u00a0\u00bbdefault\u00a0\u00bb text_text_color=\u00a0\u00bb#FFFFFF\u00a0\u00bb background_color=\u00a0\u00bb#32bce1&Prime; custom_padding=\u00a0\u00bb20px|20px|20px|20px|false|false\u00a0\u00bb border_radii=\u00a0\u00bbon|10px|10px|10px|10px\u00a0\u00bb global_colors_info=\u00a0\u00bb{%22gcid-primary-color%22:%91%22link_text_color%22%93,%22gcid-heading-color%22:%91%22header_text_color%22,%22header_4_text_color%22,%22header_3_text_color%22,%22header_2_text_color%22,%22header_5_text_color%22,%22header_6_text_color%22,%22quote_text_color%22%93,%22gcid-secondary-color%22:%91%22quote_border_color%22%93}\u00a0\u00bb]<\/p>\n<p><strong>Principaux avantages<\/strong><\/p>\n<ul>\n<li>R\u00e9duction du rejet d&rsquo;eaux contamin\u00e9es dans les milieux r\u00e9cepteurs<\/li>\n<li>Diminution de la consommation d&rsquo;eau potable<\/li>\n<li>Conformit\u00e9 aux r\u00e9glementations environnementales locales et internationales<\/li>\n<li>\u00c9conomies \u00e9conomiques pour les utilisateurs publics et priv\u00e9s<\/li>\n<\/ul>\n<p>Ces solutions permettent une <strong>\u00e9conomie circulaire de l\u2019eau<\/strong>, o\u00f9 chaque goutte est maximis\u00e9e avant d\u2019\u00eatre jet\u00e9e.<\/p>\n<p>[\/et_pb_text][\/et_pb_column][\/et_pb_row][\/et_pb_section][et_pb_section fb_built=\u00a0\u00bb1&Prime; _builder_version=\u00a0\u00bb4.27.4&Prime; _module_preset=\u00a0\u00bbdefault\u00a0\u00bb use_background_color_gradient=\u00a0\u00bbon\u00a0\u00bb background_color_gradient_direction=\u00a0\u00bb323deg\u00a0\u00bb background_color_gradient_stops=\u00a0\u00bb#23214c 0%|#32bce1 100%\u00a0\u00bb background_enable_pattern_style=\u00a0\u00bbon\u00a0\u00bb background_pattern_style=\u00a0\u00bbconfetti\u00a0\u00bb background_pattern_color=\u00a0\u00bbrgba(50,188,225,0.1)\u00a0\u00bb global_colors_info=\u00a0\u00bb{}\u00a0\u00bb][et_pb_row _builder_version=\u00a0\u00bb4.27.4&Prime; _module_preset=\u00a0\u00bbdefault\u00a0\u00bb global_colors_info=\u00a0\u00bb{}\u00a0\u00bb][et_pb_column type=\u00a0\u00bb4_4&Prime; _builder_version=\u00a0\u00bb4.27.4&Prime; _module_preset=\u00a0\u00bbdefault\u00a0\u00bb global_colors_info=\u00a0\u00bb{}\u00a0\u00bb][et_pb_text _builder_version=\u00a0\u00bb4.27.4&Prime; _module_preset=\u00a0\u00bbdefault\u00a0\u00bb header_3_font=\u00a0\u00bbLato|&#8211;et_global_heading_font_weight|||||||\u00a0\u00bb header_3_text_color=\u00a0\u00bb#FFFFFF\u00a0\u00bb header_3_font_size=\u00a0\u00bb24px\u00a0\u00bb global_colors_info=\u00a0\u00bb{%22gcid-primary-color%22:%91%22link_text_color%22%93,%22gcid-heading-color%22:%91%22header_text_color%22,%22header_4_text_color%22,%22header_2_text_color%22,%22header_5_text_color%22,%22header_6_text_color%22,%22quote_text_color%22%93,%22gcid-body-color%22:%91%22text_text_color%22%93,%22gcid-secondary-color%22:%91%22quote_border_color%22%93}\u00a0\u00bb]<\/p>\n<h3>3. Filtrage des boues avec des sacs g\u00e9otextiles<\/h3>\n<p>[\/et_pb_text][\/et_pb_column][\/et_pb_row][et_pb_row column_structure=\u00a0\u00bb3_5,2_5&Prime; _builder_version=\u00a0\u00bb4.27.4&Prime; _module_preset=\u00a0\u00bbdefault\u00a0\u00bb locked=\u00a0\u00bboff\u00a0\u00bb global_colors_info=\u00a0\u00bb{}\u00a0\u00bb][et_pb_column type=\u00a0\u00bb3_5&Prime; _builder_version=\u00a0\u00bb4.27.0&Prime; _module_preset=\u00a0\u00bbdefault\u00a0\u00bb global_colors_info=\u00a0\u00bb{}\u00a0\u00bb][et_pb_text _builder_version=\u00a0\u00bb4.27.4&Prime; _module_preset=\u00a0\u00bbdefault\u00a0\u00bb text_text_color=\u00a0\u00bb#FFFFFF\u00a0\u00bb link_font=\u00a0\u00bb|&#8211;et_global_body_font_weight|||on||||\u00a0\u00bb link_text_color=\u00a0\u00bb#FFFFFF\u00a0\u00bb global_colors_info=\u00a0\u00bb{%22gcid-heading-color%22:%91%22header_text_color%22,%22header_4_text_color%22,%22header_3_text_color%22,%22header_2_text_color%22,%22header_5_text_color%22,%22header_6_text_color%22,%22quote_text_color%22,%22header_text_color%22,%22header_4_text_color%22,%22header_3_text_color%22,%22header_2_text_color%22,%22header_5_text_color%22,%22header_6_text_color%22,%22quote_text_color%22,%22header_text_color%22,%22header_4_text_color%22,%22header_3_text_color%22,%22header_2_text_color%22,%22header_5_text_color%22,%22header_6_text_color%22,%22quote_text_color%22,%22header_text_color%22,%22header_4_text_color%22,%22header_3_text_color%22,%22header_2_text_color%22,%22header_5_text_color%22,%22header_6_text_color%22,%22quote_text_color%22,%22header_text_color%22,%22header_4_text_color%22,%22header_3_text_color%22,%22header_2_text_color%22,%22header_5_text_color%22,%22header_6_text_color%22,%22quote_text_color%22,%22header_text_color%22,%22header_4_text_color%22,%22header_3_text_color%22,%22header_2_text_color%22,%22header_5_text_color%22,%22header_6_text_color%22,%22quote_text_color%22%93,%22gcid-body-color%22:%91%22text_text_color%22%93,%22gcid-secondary-color%22:%91%22quote_border_color%22,%22quote_border_color%22,%22quote_border_color%22,%22quote_border_color%22,%22quote_border_color%22,%22quote_border_color%22%93}\u00a0\u00bb]<\/p>\n<p>La <a href=\"https:\/\/www.nautilusdragados.com\/fr\/deshydratation-des-boues-et-des-sediments\/\">gestion des d\u00e9chets issus du traitement des eaux ou du dragage<\/a> repr\u00e9sente un d\u00e9fi environnemental. <span>Les <strong>sacs filtrants g\u00e9otextiles<\/strong> permettent<\/span> :<\/p>\n<ul>\n<li style=\"list-style-type: none;\">\n<ul>\n<li>D\u00e9shydrater les boues et s\u00e9parer les solides des liquides<\/li>\n<li>Contenir en toute s\u00e9curit\u00e9 les s\u00e9diments contamin\u00e9s<\/li>\n<li>Faciliter le transport et l&rsquo;\u00e9limination finale<\/li>\n<\/ul>\n<\/li>\n<\/ul>\n<p><strong>Applications courantes :<\/strong><\/p>\n<p><strong><\/strong><\/p>\n<ul>\n<li style=\"list-style-type: none;\">\n<ul>\n<li>Stations d&rsquo;\u00e9puration des eaux us\u00e9es<\/li>\n<li>Travaux de dragage et d&rsquo;entretien des ports et des canaux<\/li>\n<li>Proc\u00e9d\u00e9s industriels \u00e0 forte g\u00e9n\u00e9ration de boues<\/li>\n<\/ul>\n<\/li>\n<\/ul>\n<p>[\/et_pb_text][\/et_pb_column][et_pb_column type=\u00a0\u00bb2_5&Prime; _builder_version=\u00a0\u00bb4.27.0&Prime; _module_preset=\u00a0\u00bbdefault\u00a0\u00bb global_colors_info=\u00a0\u00bb{}\u00a0\u00bb][et_pb_text _builder_version=\u00a0\u00bb4.27.4&Prime; _module_preset=\u00a0\u00bbdefault\u00a0\u00bb text_text_color=\u00a0\u00bb#FFFFFF\u00a0\u00bb background_color=\u00a0\u00bb#23214c\u00a0\u00bb custom_padding=\u00a0\u00bb20px|20px|20px|20px|false|false\u00a0\u00bb border_radii=\u00a0\u00bbon|10px|10px|10px|10px\u00a0\u00bb global_colors_info=\u00a0\u00bb{%22gcid-primary-color%22:%91%22link_text_color%22%93,%22gcid-heading-color%22:%91%22header_text_color%22,%22header_4_text_color%22,%22header_3_text_color%22,%22header_2_text_color%22,%22header_5_text_color%22,%22header_6_text_color%22,%22quote_text_color%22%93,%22gcid-secondary-color%22:%91%22quote_border_color%22%93}\u00a0\u00bb]<\/p>\n<p><strong>Avantages<\/strong><\/p>\n<ul>\n<li style=\"list-style-type: none;\">\n<ul>\n<li>Fonctionnement simple et \u00e9conomique<\/li>\n<li>R\u00e9duction du volume des d\u00e9chets<\/li>\n<li>Am\u00e9liorer le contr\u00f4le environnemental dans les zones c\u00f4ti\u00e8res ou prot\u00e9g\u00e9es<\/li>\n<\/ul>\n<\/li>\n<\/ul>\n<p>Gr\u00e2ce \u00e0 cette technologie, nous contribuons \u00e0 fermer le cycle de mani\u00e8re propre et efficace, \u00e9vitant ainsi que des d\u00e9chets mal g\u00e9r\u00e9s n\u2019affectent le milieu aquatique.<\/p>\n<p>[\/et_pb_text][\/et_pb_column][\/et_pb_row][et_pb_row _builder_version=\u00a0\u00bb4.27.0&Prime; _module_preset=\u00a0\u00bbdefault\u00a0\u00bb locked=\u00a0\u00bboff\u00a0\u00bb global_colors_info=\u00a0\u00bb{}\u00a0\u00bb][et_pb_column type=\u00a0\u00bb4_4&Prime; _builder_version=\u00a0\u00bb4.27.0&Prime; _module_preset=\u00a0\u00bbdefault\u00a0\u00bb global_colors_info=\u00a0\u00bb{}\u00a0\u00bb][et_pb_image src=\u00a0\u00bbhttps:\/\/www.nautilusdragados.com\/wp-content\/uploads\/2024\/09\/lodos1.jpg\u00a0\u00bb title_text=\u00a0\u00bblodos1&Prime; _builder_version=\u00a0\u00bb4.27.4&Prime; _module_preset=\u00a0\u00bbdefault\u00a0\u00bb global_colors_info=\u00a0\u00bb{}\u00a0\u00bb][\/et_pb_image][\/et_pb_column][\/et_pb_row][\/et_pb_section][et_pb_section fb_built=\u00a0\u00bb1&Prime; _builder_version=\u00a0\u00bb4.27.4&Prime; _module_preset=\u00a0\u00bbdefault\u00a0\u00bb background_enable_pattern_style=\u00a0\u00bbon\u00a0\u00bb background_pattern_style=\u00a0\u00bbconfetti\u00a0\u00bb background_pattern_color=\u00a0\u00bbrgba(50,188,225,0.1)\u00a0\u00bb global_colors_info=\u00a0\u00bb{}\u00a0\u00bb][et_pb_row _builder_version=\u00a0\u00bb4.27.4&Prime; _module_preset=\u00a0\u00bbdefault\u00a0\u00bb global_colors_info=\u00a0\u00bb{}\u00a0\u00bb][et_pb_column type=\u00a0\u00bb4_4&Prime; _builder_version=\u00a0\u00bb4.27.4&Prime; _module_preset=\u00a0\u00bbdefault\u00a0\u00bb global_colors_info=\u00a0\u00bb{}\u00a0\u00bb][et_pb_text _builder_version=\u00a0\u00bb4.27.4&Prime; _module_preset=\u00a0\u00bbdefault\u00a0\u00bb header_2_font=\u00a0\u00bbLato|&#8211;et_global_heading_font_weight|||||||\u00a0\u00bb header_2_font_size=\u00a0\u00bb28px\u00a0\u00bb header_3_font=\u00a0\u00bbLato|&#8211;et_global_heading_font_weight|||||||\u00a0\u00bb header_3_font_size=\u00a0\u00bb24px\u00a0\u00bb global_colors_info=\u00a0\u00bb{}\u00a0\u00bb]<\/p>\n<h2>Notre r\u00f4le dans l&rsquo;\u00e9conomie bleue<\/h2>\n<p>[\/et_pb_text][\/et_pb_column][\/et_pb_row][et_pb_row column_structure=\u00a0\u00bb3_5,2_5&Prime; _builder_version=\u00a0\u00bb4.27.4&Prime; _module_preset=\u00a0\u00bbdefault\u00a0\u00bb locked=\u00a0\u00bboff\u00a0\u00bb global_colors_info=\u00a0\u00bb{}\u00a0\u00bb][et_pb_column type=\u00a0\u00bb3_5&Prime; _builder_version=\u00a0\u00bb4.27.0&Prime; _module_preset=\u00a0\u00bbdefault\u00a0\u00bb global_colors_info=\u00a0\u00bb{}\u00a0\u00bb][et_pb_text _builder_version=\u00a0\u00bb4.27.4&Prime; _module_preset=\u00a0\u00bbdefault\u00a0\u00bb link_font=\u00a0\u00bb|&#8211;et_global_body_font_weight|||on||||\u00a0\u00bb global_colors_info=\u00a0\u00bb{}\u00a0\u00bb]<\/p>\n<p><a href=\"https:\/\/www.nautilusdragados.com\/fr\/economie-bleue\/\"><strong>L&rsquo;\u00e9conomie bleue<\/strong><\/a> favorise un d\u00e9veloppement durable li\u00e9 \u00e0 la mer, aux rivi\u00e8res et aux autres \u00e9cosyst\u00e8mes aquatiques. <span>Chez Nautilus Dragados, nous contribuons \u00e0 ce mod\u00e8le par<\/span> :<\/p>\n<p><span><\/span><\/p>\n<ul>\n<li style=\"list-style-type: none;\">\n<ul>\n<li><strong>Technologies propres<\/strong> qui minimisent l&rsquo;impact environnemental du dessalement, de la purification et de la gestion des boues<\/li>\n<li><strong>Efficacit\u00e9 de l&rsquo;eau<\/strong> en favorisant la r\u00e9utilisation et en optimisant les processus<\/li>\n<li><strong>D\u00e9veloppement local<\/strong> en fournissant de l&rsquo;eau potable aux communaut\u00e9s vuln\u00e9rables ou isol\u00e9es<\/li>\n<li><strong>R\u00e9duction de l&#8217;empreinte \u00e9cologique<\/strong>, gr\u00e2ce \u00e0 l&rsquo;utilisation de syst\u00e8mes modulaires, d&rsquo;\u00e9nergies renouvelables et de conceptions compactes<\/li>\n<\/ul>\n<\/li>\n<\/ul>\n<p>[\/et_pb_text][\/et_pb_column][et_pb_column type=\u00a0\u00bb2_5&Prime; _builder_version=\u00a0\u00bb4.27.0&Prime; _module_preset=\u00a0\u00bbdefault\u00a0\u00bb global_colors_info=\u00a0\u00bb{}\u00a0\u00bb][et_pb_video src=\u00a0\u00bbhttps:\/\/www.nautilusdragados.com\/wp-content\/uploads\/2025\/08\/VIDEO-ECONOMIE-BLEUE-FR-480.mp4&Prime; image_src=\u00a0\u00bbhttps:\/\/www.nautilusdragados.com\/wp-content\/uploads\/2025\/08\/miniatura-economia-azul-fr.jpg\u00a0\u00bb _builder_version=\u00a0\u00bb4.27.4&Prime; _module_preset=\u00a0\u00bbdefault\u00a0\u00bb hover_enabled=\u00a0\u00bb0&Prime; global_colors_info=\u00a0\u00bb{}\u00a0\u00bb title_text=\u00a0\u00bbminiatura-economia-azul-fr\u00a0\u00bb sticky_enabled=\u00a0\u00bb0&Prime;][\/et_pb_video][\/et_pb_column][\/et_pb_row][\/et_pb_section][et_pb_section fb_built=\u00a0\u00bb1&Prime; _builder_version=\u00a0\u00bb4.27.4&Prime; _module_preset=\u00a0\u00bbdefault\u00a0\u00bb use_background_color_gradient=\u00a0\u00bbon\u00a0\u00bb background_color_gradient_direction=\u00a0\u00bb323deg\u00a0\u00bb background_color_gradient_stops=\u00a0\u00bb#23214c 0%|#32bce1 100%\u00a0\u00bb background_enable_pattern_style=\u00a0\u00bbon\u00a0\u00bb background_pattern_style=\u00a0\u00bbconfetti\u00a0\u00bb background_pattern_color=\u00a0\u00bbrgba(50,188,225,0.1)\u00a0\u00bb global_colors_info=\u00a0\u00bb{}\u00a0\u00bb][et_pb_row column_structure=\u00a0\u00bb1_3,1_3,1_3&Prime; _builder_version=\u00a0\u00bb4.27.4&Prime; _module_preset=\u00a0\u00bbdefault\u00a0\u00bb global_colors_info=\u00a0\u00bb{}\u00a0\u00bb][et_pb_column type=\u00a0\u00bb1_3&Prime; _builder_version=\u00a0\u00bb4.27.4&Prime; _module_preset=\u00a0\u00bbdefault\u00a0\u00bb global_colors_info=\u00a0\u00bb{}\u00a0\u00bb][et_pb_blurb title=\u00a0\u00bbUn d\u00e9fi mondial, une r\u00e9ponse technologique\u00a0\u00bb use_icon=\u00a0\u00bbon\u00a0\u00bb font_icon=\u00a0\u00bb&#xf57c;||fa||900&Prime; icon_color=\u00a0\u00bb#FFFFFF\u00a0\u00bb _builder_version=\u00a0\u00bb4.27.4&Prime; _module_preset=\u00a0\u00bbdefault\u00a0\u00bb header_font=\u00a0\u00bbLato|&#8211;et_global_heading_font_weight|||||||\u00a0\u00bb header_text_color=\u00a0\u00bb#FFFFFF\u00a0\u00bb header_font_size=\u00a0\u00bb22px\u00a0\u00bb body_text_color=\u00a0\u00bb#FFFFFF\u00a0\u00bb global_colors_info=\u00a0\u00bb{%22gcid-body-color%22:%91%22body_text_color%22%93,%22gcid-primary-color%22:%91%22body_link_text_color%22,%22icon_color%22,%22body_link_text_color%22,%22icon_color%22,%22body_link_text_color%22,%22body_link_text_color%22%93}\u00a0\u00bb]<\/p>\n<p>La p\u00e9nurie croissante d&rsquo;eau est une pr\u00e9occupation mondiale majeure. Avec seulement <strong>2 % de l&rsquo;eau potable de la plan\u00e8te<\/strong>, la combinaison des <strong>s\u00e9cheresses persistantes<\/strong>, du changement climatique et de la <strong>demande croissante<\/strong> en eau des secteurs industriel, agricole et urbain exige <strong>des solutions imm\u00e9diates, concr\u00e8tes et durables<\/strong>. <\/p>\n<p>Les <strong>usines de r\u00e9utilisation<\/strong> repr\u00e9sentent une alternative efficace pour <strong>r\u00e9cup\u00e9rer, traiter et r\u00e9utiliser les eaux us\u00e9es<\/strong>, r\u00e9duisant ainsi la pression sur les sources naturelles et assurant un approvisionnement continu en situation de stress hydrique.<\/p>\n<p>[\/et_pb_blurb][\/et_pb_column][et_pb_column type=\u00a0\u00bb1_3&Prime; _builder_version=\u00a0\u00bb4.27.4&Prime; _module_preset=\u00a0\u00bbdefault\u00a0\u00bb global_colors_info=\u00a0\u00bb{}\u00a0\u00bb][et_pb_blurb title=\u00a0\u00bbTechnologie reproductible et adaptable\u00a0\u00bb use_icon=\u00a0\u00bbon\u00a0\u00bb font_icon=\u00a0\u00bb&#xf1b8;||fa||900&Prime; icon_color=\u00a0\u00bb#FFFFFF\u00a0\u00bb _builder_version=\u00a0\u00bb4.27.4&Prime; _module_preset=\u00a0\u00bbdefault\u00a0\u00bb header_font=\u00a0\u00bbLato|&#8211;et_global_heading_font_weight|||||||\u00a0\u00bb header_text_color=\u00a0\u00bb#FFFFFF\u00a0\u00bb header_font_size=\u00a0\u00bb22px\u00a0\u00bb body_text_color=\u00a0\u00bb#FFFFFF\u00a0\u00bb global_colors_info=\u00a0\u00bb{%22gcid-body-color%22:%91%22body_text_color%22%93,%22gcid-primary-color%22:%91%22body_link_text_color%22,%22icon_color%22,%22body_link_text_color%22,%22icon_color%22,%22body_link_text_color%22,%22body_link_text_color%22%93}\u00a0\u00bb]<\/p>\n<p>Gr\u00e2ce \u00e0 l&rsquo;ing\u00e9nierie modulaire de nos syst\u00e8mes, ces installations peuvent \u00eatre <strong>reproduites sur plusieurs sites<\/strong>, m\u00eame dans des zones aux infrastructures limit\u00e9es. L&rsquo;absence d&rsquo;installations volumineuses et de processus de g\u00e9nie civil co\u00fbteux r\u00e9duit consid\u00e9rablement <strong>l&rsquo;impact environnemental<\/strong> et les<strong> d\u00e9lais de mise en \u0153uvre.<\/strong> <\/p>\n<p>Ces solutions sont con\u00e7ues pour contribuer activement au d\u00e9veloppement durable, en s\u2019alignant sur la responsabilit\u00e9 environnementale, l\u2019efficacit\u00e9 de l\u2019eau et l\u2019\u00e9conomie circulaire.<\/p>\n<p>[\/et_pb_blurb][\/et_pb_column][et_pb_column type=\u00a0\u00bb1_3&Prime; _builder_version=\u00a0\u00bb4.27.4&Prime; _module_preset=\u00a0\u00bbdefault\u00a0\u00bb global_colors_info=\u00a0\u00bb{}\u00a0\u00bb][et_pb_blurb title=\u00a0\u00bbSecteurs qui b\u00e9n\u00e9ficient de la r\u00e9utilisation de l&rsquo;eau\u00a0\u00bb use_icon=\u00a0\u00bbon\u00a0\u00bb font_icon=\u00a0\u00bb&#xf275;||fa||900&Prime; icon_color=\u00a0\u00bb#FFFFFF\u00a0\u00bb _builder_version=\u00a0\u00bb4.27.4&Prime; _module_preset=\u00a0\u00bbdefault\u00a0\u00bb header_font=\u00a0\u00bbLato|&#8211;et_global_heading_font_weight|||||||\u00a0\u00bb header_text_color=\u00a0\u00bb#FFFFFF\u00a0\u00bb header_font_size=\u00a0\u00bb22px\u00a0\u00bb body_text_color=\u00a0\u00bb#FFFFFF\u00a0\u00bb global_colors_info=\u00a0\u00bb{%22gcid-body-color%22:%91%22body_text_color%22%93,%22gcid-primary-color%22:%91%22body_link_text_color%22,%22icon_color%22,%22body_link_text_color%22,%22icon_color%22,%22body_link_text_color%22,%22body_link_text_color%22%93}\u00a0\u00bb]<\/p>\n<p>De nombreuses industries et secteurs productifs peuvent int\u00e9grer ces syst\u00e8mes dans le cadre de leur strat\u00e9gie de durabilit\u00e9 et d\u2019efficacit\u00e9 :<\/p>\n<p>&nbsp;<\/p>\n<ul>\n<li style=\"list-style-type: none;\">\n<ul>\n<li>Agroalimentaire<\/li>\n<li>Nourriture et boissons<\/li>\n<li>M\u00e9tallurgie et automobile<\/li>\n<li>Chimie, pharmacie et cosm\u00e9tiques<\/li>\n<li>Industrie du papier<\/li>\n<li>Blanchisseries industrielles<\/li>\n<li>H\u00f4tellerie (h\u00f4tels, campings, resorts)<\/li>\n<li>Parcs industriels et communaut\u00e9s \u00e9loign\u00e9es<\/li>\n<\/ul>\n<\/li>\n<\/ul>\n<p>[\/et_pb_blurb][\/et_pb_column][\/et_pb_row][\/et_pb_section][et_pb_section fb_built=\u00a0\u00bb1&Prime; _builder_version=\u00a0\u00bb4.27.4&Prime; _module_preset=\u00a0\u00bbdefault\u00a0\u00bb background_enable_pattern_style=\u00a0\u00bbon\u00a0\u00bb background_pattern_style=\u00a0\u00bbconfetti\u00a0\u00bb background_pattern_color=\u00a0\u00bbrgba(50,188,225,0.1)\u00a0\u00bb global_colors_info=\u00a0\u00bb{}\u00a0\u00bb][et_pb_row _builder_version=\u00a0\u00bb4.27.0&Prime; _module_preset=\u00a0\u00bbdefault\u00a0\u00bb global_colors_info=\u00a0\u00bb{}\u00a0\u00bb][et_pb_column type=\u00a0\u00bb4_4&Prime; _builder_version=\u00a0\u00bb4.27.0&Prime; _module_preset=\u00a0\u00bbdefault\u00a0\u00bb global_colors_info=\u00a0\u00bb{}\u00a0\u00bb][et_pb_text _builder_version=\u00a0\u00bb4.27.4&Prime; _module_preset=\u00a0\u00bbdefault\u00a0\u00bb header_2_font=\u00a0\u00bbLato|&#8211;et_global_heading_font_weight|||||||\u00a0\u00bb header_2_font_size=\u00a0\u00bb28px\u00a0\u00bb header_3_font=\u00a0\u00bbLato|&#8211;et_global_heading_font_weight|||||||\u00a0\u00bb header_3_font_size=\u00a0\u00bb24px\u00a0\u00bb global_colors_info=\u00a0\u00bb{}\u00a0\u00bb]<\/p>\n<h2>Engagement \u00e0 long terme<\/h2>\n<p>[\/et_pb_text][\/et_pb_column][\/et_pb_row][et_pb_row _builder_version=\u00a0\u00bb4.27.4&Prime; _module_preset=\u00a0\u00bbdefault\u00a0\u00bb global_colors_info=\u00a0\u00bb{}\u00a0\u00bb][et_pb_column type=\u00a0\u00bb4_4&Prime; _builder_version=\u00a0\u00bb4.27.0&Prime; _module_preset=\u00a0\u00bbdefault\u00a0\u00bb global_colors_info=\u00a0\u00bb{}\u00a0\u00bb][et_pb_text _builder_version=\u00a0\u00bb4.27.4&Prime; _module_preset=\u00a0\u00bbdefault\u00a0\u00bb link_font=\u00a0\u00bb|&#8211;et_global_body_font_weight|||on||||\u00a0\u00bb link_text_color=\u00a0\u00bb#22577A\u00a0\u00bb global_colors_info=\u00a0\u00bb{%22gcid-heading-color%22:%91%22header_text_color%22,%22header_4_text_color%22,%22header_3_text_color%22,%22header_2_text_color%22,%22header_5_text_color%22,%22header_6_text_color%22,%22quote_text_color%22,%22header_text_color%22,%22header_4_text_color%22,%22header_3_text_color%22,%22header_2_text_color%22,%22header_5_text_color%22,%22header_6_text_color%22,%22quote_text_color%22%93,%22gcid-body-color%22:%91%22text_text_color%22,%22text_text_color%22%93,%22gcid-secondary-color%22:%91%22quote_border_color%22,%22quote_border_color%22%93}\u00a0\u00bb]<\/p>\n<p>La vision de Nautilus Dragados va au-del\u00e0 de la fourniture de solutions techniques. Notre ambition est de contribuer \u00e0 un <strong>changement structurel dans la fa\u00e7on dont l&rsquo;eau est con\u00e7ue et utilis\u00e9e<\/strong>. Nous promouvons une gestion globale, responsable et r\u00e9siliente des ressources en eau, en cr\u00e9ant des ponts entre technologie, environnement et d\u00e9veloppement humain.  <\/p>\n<p><strong>Vous souhaitez savoir comment nos solutions peuvent s\u2019adapter \u00e0 votre communaut\u00e9, \u00e0 votre projet ou \u00e0 votre secteur d\u2019activit\u00e9 ?<\/strong> <a href=\"https:\/\/www.nautilusdragados.com\/fr\/contact\/\">Contactez-nous et explorons ensemble de nouvelles fa\u00e7ons de prot\u00e9ger l\u2019eau et de construire l\u2019avenir \u00e0 partir du pr\u00e9sent.<\/a><\/p>\n<p>[\/et_pb_text][\/et_pb_column][\/et_pb_row][et_pb_row _builder_version=\u00a0\u00bb4.25.1&Prime; _module_preset=\u00a0\u00bb048d8e79-b07f-439b-bd57-f41c14f0a56b\u00a0\u00bb global_colors_info=\u00a0\u00bb{}\u00a0\u00bb][et_pb_column type=\u00a0\u00bb4_4&Prime; _builder_version=\u00a0\u00bb4.25.1&Prime; _module_preset=\u00a0\u00bbdefault\u00a0\u00bb global_colors_info=\u00a0\u00bb{}\u00a0\u00bb][et_pb_heading title=\u00a0\u00bbA propos de nous\u00a0\u00bb _builder_version=\u00a0\u00bb4.25.2&Prime; _module_preset=\u00a0\u00bbc33f07d9-41e0-421a-8799-5799df695cce\u00a0\u00bb title_font=\u00a0\u00bbIBM Plex Sans Condensed|IBM Plex Sans Condensed_weight|||||||\u00a0\u00bb title_text_align=\u00a0\u00bbcenter\u00a0\u00bb title_text_color=\u00a0\u00bb#111111&Prime; global_colors_info=\u00a0\u00bb{}\u00a0\u00bb][\/et_pb_heading][et_pb_text _builder_version=\u00a0\u00bb4.27.4&Prime; _module_preset=\u00a0\u00bb2c55a9c4-feed-423b-9edb-ae0b5b365cac\u00a0\u00bb text_font=\u00a0\u00bbIBM Plex Sans|IBM Plex Sans_weight|||||||\u00a0\u00bb text_text_color=\u00a0\u00bbrgba(0,0,0,0.64)\u00a0\u00bb link_font=\u00a0\u00bb|IBM Plex Sans_weight|||||||\u00a0\u00bb quote_font=\u00a0\u00bbIBM Plex Sans Condensed|IBM Plex Sans Condensed_weight|||||||\u00a0\u00bb quote_text_color=\u00a0\u00bb#111111&Prime; header_font=\u00a0\u00bbIBM Plex Sans Condensed|IBM Plex Sans Condensed_weight|||||||\u00a0\u00bb header_text_color=\u00a0\u00bb#111111&Prime; header_2_font=\u00a0\u00bbIBM Plex Sans Condensed|IBM Plex Sans Condensed_weight|||||||\u00a0\u00bb header_2_text_color=\u00a0\u00bb#111111&Prime; header_3_font=\u00a0\u00bbIBM Plex Sans Condensed|IBM Plex Sans Condensed_weight|||||||\u00a0\u00bb header_3_text_color=\u00a0\u00bb#111111&Prime; header_4_font=\u00a0\u00bbIBM Plex Sans Condensed|IBM Plex Sans Condensed_weight|||||||\u00a0\u00bb header_4_text_color=\u00a0\u00bb#111111&Prime; header_5_font=\u00a0\u00bbIBM Plex Sans Condensed|IBM Plex Sans Condensed_weight|||||||\u00a0\u00bb header_5_text_color=\u00a0\u00bb#111111&Prime; header_6_font=\u00a0\u00bbIBM Plex Sans Condensed|IBM Plex Sans Condensed_weight|||||||\u00a0\u00bb header_6_text_color=\u00a0\u00bb#111111&Prime; text_orientation=\u00a0\u00bbcenter\u00a0\u00bb global_colors_info=\u00a0\u00bb{}\u00a0\u00bb]<\/p>\n<p><span>Nautilus Dragados Espa\u00f1a, bas\u00e9e \u00e0 M\u00e1laga (Espagne), est sp\u00e9cialis\u00e9e dans le dragage et le nettoyage des ports, des plages et d&rsquo;autres environnements aquatiques. Fond\u00e9e \u00e0 l&rsquo;origine en Norv\u00e8ge, l&rsquo;entreprise a accumul\u00e9 une vaste exp\u00e9rience dans les projets de nettoyage et de restauration dans ce pays. Nous op\u00e9rons sur toute la c\u00f4te m\u00e9diterran\u00e9enne de l&rsquo;Espagne et sur une partie de l&rsquo;Atlantique, couvrant tout le littoral de l&rsquo;Espagne et du Portugal, ainsi que le Maroc. Notre engagement en faveur du d\u00e9veloppement durable et de l&rsquo;environnement est au c\u0153ur de notre mission. Nous utilisons des technologies de pointe telles que la d\u00e9shydratation par polym\u00e8res ou par sacs en vrac pour garantir l&rsquo;efficacit\u00e9 de nos op\u00e9rations et le respect de l&rsquo;environnement. Chez Nautilus Dragados, nous sommes fiers de proposer des solutions innovantes pour relever les d\u00e9fis de l&rsquo;environnement marin.     <\/span><\/p>\n<p>[\/et_pb_text][\/et_pb_column][\/et_pb_row][\/et_pb_section][et_pb_section fb_built=\u00a0\u00bb1&Prime; admin_label=\u00a0\u00bbCall to Action\u00a0\u00bb _builder_version=\u00a0\u00bb4.24.3&Prime; _module_preset=\u00a0\u00bbdefault\u00a0\u00bb background_enable_color=\u00a0\u00bboff\u00a0\u00bb use_background_color_gradient=\u00a0\u00bbon\u00a0\u00bb background_color_gradient_stops=\u00a0\u00bbrgba(0,0,0,0.5) 0%|rgba(0,0,0,0.5) 100%\u00a0\u00bb background_color_gradient_overlays_image=\u00a0\u00bbon\u00a0\u00bb background_image=\u00a0\u00bbhttps:\/\/www.nautilusdragados.com\/wp-content\/uploads\/2024\/09\/0-f275328d-09a5-441b-a05d-4ee02aa677e8-1920&#215;1080.jpg\u00a0\u00bb custom_padding=\u00a0\u00bb5vw||5vw||true|false\u00a0\u00bb locked=\u00a0\u00bboff\u00a0\u00bb collapsed=\u00a0\u00bbon\u00a0\u00bb global_colors_info=\u00a0\u00bb{%22gcid-36fd78a7-34bc-404d-873c-dafa34efaae5%22:%91%22background_color%22%93}\u00a0\u00bb][et_pb_row _builder_version=\u00a0\u00bb4.18.0&Prime; _module_preset=\u00a0\u00bb5138c454-be54-4233-bd3b-f8e6a8747976&Prime; global_colors_info=\u00a0\u00bb{}\u00a0\u00bb][et_pb_column type=\u00a0\u00bb4_4&Prime; _builder_version=\u00a0\u00bb4.18.0&Prime; _module_preset=\u00a0\u00bb73121f80-a3ef-4484-8763-c3f18e3c56d2&Prime; global_colors_info=\u00a0\u00bb{}\u00a0\u00bb][et_pb_cta title=\u00a0\u00bbContactez-nous d\u00e8s aujourd&apos;hui !\u00a0\u00bb button_url=\u00a0\u00bb@ET-DC@eyJkeW5hbWljIjp0cnVlLCJjb250ZW50IjoicG9zdF9saW5rX3VybF9wYWdlIiwic2V0dGluZ3MiOnsicG9zdF9pZCI6IjI4IiwiZW5hYmxlX2h0bWwiOiJvZmYifX0=@\u00a0\u00bb button_text=\u00a0\u00bbDemande d&rsquo;information\u00a0\u00bb _builder_version=\u00a0\u00bb4.27.4&Prime; _dynamic_attributes=\u00a0\u00bbbutton_url\u00a0\u00bb _module_preset=\u00a0\u00bb4c2ad5d0-871e-414e-a4be-aa9134d4ae8e\u00a0\u00bb header_font=\u00a0\u00bbIBM Plex Sans Condensed|IBM Plex Sans Condensed_weight|||||||\u00a0\u00bb header_text_color=\u00a0\u00bb#111111&Prime; body_font=\u00a0\u00bbIBM Plex Sans||||||||\u00a0\u00bb body_text_color=\u00a0\u00bbrgba(0,0,0,0.64)\u00a0\u00bb button_font=\u00a0\u00bbIBM Plex Sans|700|||||||\u00a0\u00bb custom_padding=\u00a0\u00bb60px|60px|60px|60px|true|true\u00a0\u00bb custom_padding_tablet=\u00a0\u00bb30px|30px|30px|30px|true|true\u00a0\u00bb custom_padding_phone=\u00a0\u00bb20px|20px|20px|20px|true|true\u00a0\u00bb custom_padding_last_edited=\u00a0\u00bbon|desktop\u00a0\u00bb locked=\u00a0\u00bboff\u00a0\u00bb global_colors_info=\u00a0\u00bb{%22gcid-f2943306-fa6c-45f0-b632-5fc00151366a%22:%91%22button_text_color%22%93,%22gcid-36fd78a7-34bc-404d-873c-dafa34efaae5%22:%91%22button_text_color%22,%22color%22,%22background_color%22%93,%22gcid-7cadd8b3-5228-48e4-90c4-212d09232f7b%22:%91%22color%22,%22color%22,%22color%22,%22color%22%93,%22gcid-f113ad93-2527-46d7-862b-fc71181c6b5e%22:%91%22border_color_all%22,%22border_color_all%22%93}\u00a0\u00bb text_font_size_tablet=\u00a0\u00bb16px\u00a0\u00bb text_font_size_phone=\u00a0\u00bb14px\u00a0\u00bb text_font_size_last_edited=\u00a0\u00bbon|phone\u00a0\u00bb]<\/p>\n<p>Si vous recherchez des solutions efficaces pour la protection des plages et des c\u00f4tes, notre \u00e9quipe d&rsquo;experts est pr\u00eate \u00e0 vous conseiller sur la gestion int\u00e9gr\u00e9e du littoral et \u00e0 vous proposer des techniques avanc\u00e9es de protection du littoral adapt\u00e9es \u00e0 vos besoins. Contactez-nous pour plus d&rsquo;informations. <\/p>\n<p>[\/et_pb_cta][\/et_pb_column][\/et_pb_row][\/et_pb_section]<\/p>\n","protected":false},"excerpt":{"rendered":"<p>Dessalement et traitement de l&rsquo;eauLes technologies Nautilus qui alimentent l&rsquo;ensemble du cycle de l&rsquo;eauQu\u2019est-ce que le cycle int\u00e9gr\u00e9 de l\u2019eau ?Le cycle complet de l&rsquo;eau est la somme de tous les processus naturels et humains qui permettent la gestion int\u00e9grale des ressources en eau. Contrairement au cycle naturel de l&rsquo;eau (pr\u00e9cipitations, infiltration, \u00e9vaporation), il int\u00e8gre les \u00e9tapes d&rsquo;intervention humaine n\u00e9cessaires pour assurer l&rsquo;approvisionnement, la qualit\u00e9 et la durabilit\u00e9 de l&rsquo;eau : Captage : Extraction d&rsquo;eau \u00e0 partir de sources naturelles (rivi\u00e8res, r\u00e9servoirs, aquif\u00e8res, mer). Traitement : Proc\u00e9d\u00e9s visant \u00e0 rendre l&rsquo;eau potable ou \u00e0 l&rsquo;adapter aux usages requis. Distribution : Livraison d&rsquo;eau trait\u00e9e aux utilisateurs domestiques, industriels ou agricoles. Utilisation : Application de l&rsquo;eau dans diverses activit\u00e9s. Collecte des eaux us\u00e9es : Canalisation des eaux us\u00e9es. \u00c9puration : Traitement des eaux us\u00e9es pour \u00e9liminer les contaminants. : Traitement des eaux us\u00e9es pour \u00e9liminer les contaminants. R\u00e9utilisation ou rejet contr\u00f4l\u00e9 : L\u2019eau trait\u00e9e est renvoy\u00e9e \u00e0 l\u2019environnement ou r\u00e9utilis\u00e9e. Chacune de ces \u00e9tapes repr\u00e9sente une opportunit\u00e9 de mettre en \u0153uvre des solutions qui optimisent les ressources, r\u00e9duisent les impacts n\u00e9gatifs et favorisent la durabilit\u00e9.Des solutions innovantes et durables pour l&rsquo;ensemble du cycle de l&rsquo;eauChez Nautilus Dragados, nous comprenons que l&rsquo;eau est [&hellip;]<\/p>\n","protected":false},"author":1,"featured_media":0,"parent":0,"menu_order":0,"comment_status":"closed","ping_status":"closed","template":"","meta":{"_et_pb_use_builder":"on","_et_pb_old_content":"","_et_gb_content_width":"","footnotes":""},"class_list":["post-2406","page","type-page","status-publish","hentry"],"yoast_head":"<!-- This site is optimized with the Yoast SEO plugin v27.5 - https:\/\/yoast.com\/product\/yoast-seo-wordpress\/ -->\n<title>Traitement de l&#039;eau - Nautilus Dragados<\/title>\n<meta name=\"robots\" content=\"index, follow, max-snippet:-1, max-image-preview:large, max-video-preview:-1\" \/>\n<link rel=\"canonical\" href=\"https:\/\/www.nautilusdragados.com\/fr\/traitement-de-leau\/\" \/>\n<meta property=\"og:locale\" content=\"fr_FR\" \/>\n<meta property=\"og:type\" content=\"article\" \/>\n<meta property=\"og:title\" content=\"Traitement de l&#039;eau - Nautilus Dragados\" \/>\n<meta property=\"og:description\" content=\"Dessalement et traitement de l&#039;eauLes technologies Nautilus qui alimentent l&#039;ensemble du cycle de l&#039;eauQu\u2019est-ce que le cycle int\u00e9gr\u00e9 de l\u2019eau ?Le cycle complet de l&#039;eau est la somme de tous les processus naturels et humains qui permettent la gestion int\u00e9grale des ressources en eau. Contrairement au cycle naturel de l&#039;eau (pr\u00e9cipitations, infiltration, \u00e9vaporation), il int\u00e8gre les \u00e9tapes d&#039;intervention humaine n\u00e9cessaires pour assurer l&#039;approvisionnement, la qualit\u00e9 et la durabilit\u00e9 de l&#039;eau : Captage : Extraction d&#039;eau \u00e0 partir de sources naturelles (rivi\u00e8res, r\u00e9servoirs, aquif\u00e8res, mer). Traitement : Proc\u00e9d\u00e9s visant \u00e0 rendre l&#039;eau potable ou \u00e0 l&#039;adapter aux usages requis. Distribution : Livraison d&#039;eau trait\u00e9e aux utilisateurs domestiques, industriels ou agricoles. Utilisation : Application de l&#039;eau dans diverses activit\u00e9s. Collecte des eaux us\u00e9es : Canalisation des eaux us\u00e9es. \u00c9puration : Traitement des eaux us\u00e9es pour \u00e9liminer les contaminants. : Traitement des eaux us\u00e9es pour \u00e9liminer les contaminants. R\u00e9utilisation ou rejet contr\u00f4l\u00e9 : L\u2019eau trait\u00e9e est renvoy\u00e9e \u00e0 l\u2019environnement ou r\u00e9utilis\u00e9e. Chacune de ces \u00e9tapes repr\u00e9sente une opportunit\u00e9 de mettre en \u0153uvre des solutions qui optimisent les ressources, r\u00e9duisent les impacts n\u00e9gatifs et favorisent la durabilit\u00e9.Des solutions innovantes et durables pour l&#039;ensemble du cycle de l&#039;eauChez Nautilus Dragados, nous comprenons que l&#039;eau est [&hellip;]\" \/>\n<meta property=\"og:url\" content=\"https:\/\/www.nautilusdragados.com\/fr\/traitement-de-leau\/\" \/>\n<meta property=\"og:site_name\" content=\"Nautilus Dragados\" \/>\n<meta property=\"article:modified_time\" content=\"2025-08-04T08:30:57+00:00\" \/>\n<meta name=\"twitter:card\" content=\"summary_large_image\" \/>\n<meta name=\"twitter:label1\" content=\"Dur\u00e9e de lecture estim\u00e9e\" \/>\n\t<meta name=\"twitter:data1\" content=\"24 minutes\" \/>\n<script type=\"application\/ld+json\" class=\"yoast-schema-graph\">{\"@context\":\"https:\\\/\\\/schema.org\",\"@graph\":[{\"@type\":\"WebPage\",\"@id\":\"https:\\\/\\\/www.nautilusdragados.com\\\/fr\\\/traitement-de-leau\\\/\",\"url\":\"https:\\\/\\\/www.nautilusdragados.com\\\/fr\\\/traitement-de-leau\\\/\",\"name\":\"Traitement de l'eau - Nautilus Dragados\",\"isPartOf\":{\"@id\":\"https:\\\/\\\/www.nautilusdragados.com\\\/fr\\\/#website\"},\"datePublished\":\"2025-08-04T06:28:46+00:00\",\"dateModified\":\"2025-08-04T08:30:57+00:00\",\"breadcrumb\":{\"@id\":\"https:\\\/\\\/www.nautilusdragados.com\\\/fr\\\/traitement-de-leau\\\/#breadcrumb\"},\"inLanguage\":\"fr-FR\",\"potentialAction\":[{\"@type\":\"ReadAction\",\"target\":[\"https:\\\/\\\/www.nautilusdragados.com\\\/fr\\\/traitement-de-leau\\\/\"]}]},{\"@type\":\"BreadcrumbList\",\"@id\":\"https:\\\/\\\/www.nautilusdragados.com\\\/fr\\\/traitement-de-leau\\\/#breadcrumb\",\"itemListElement\":[{\"@type\":\"ListItem\",\"position\":1,\"name\":\"Portada\",\"item\":\"https:\\\/\\\/www.nautilusdragados.com\\\/fr\\\/\"},{\"@type\":\"ListItem\",\"position\":2,\"name\":\"Traitement de l&rsquo;eau\"}]},{\"@type\":\"WebSite\",\"@id\":\"https:\\\/\\\/www.nautilusdragados.com\\\/fr\\\/#website\",\"url\":\"https:\\\/\\\/www.nautilusdragados.com\\\/fr\\\/\",\"name\":\"Dragados Nautilus\",\"description\":\"Retos medioambientales marinos\",\"publisher\":{\"@id\":\"https:\\\/\\\/www.nautilusdragados.com\\\/fr\\\/#organization\"},\"potentialAction\":[{\"@type\":\"SearchAction\",\"target\":{\"@type\":\"EntryPoint\",\"urlTemplate\":\"https:\\\/\\\/www.nautilusdragados.com\\\/fr\\\/?s={search_term_string}\"},\"query-input\":{\"@type\":\"PropertyValueSpecification\",\"valueRequired\":true,\"valueName\":\"search_term_string\"}}],\"inLanguage\":\"fr-FR\"},{\"@type\":\"Organization\",\"@id\":\"https:\\\/\\\/www.nautilusdragados.com\\\/fr\\\/#organization\",\"name\":\"Dragados Nautilus\",\"url\":\"https:\\\/\\\/www.nautilusdragados.com\\\/fr\\\/\",\"logo\":{\"@type\":\"ImageObject\",\"inLanguage\":\"fr-FR\",\"@id\":\"https:\\\/\\\/www.nautilusdragados.com\\\/fr\\\/#\\\/schema\\\/logo\\\/image\\\/\",\"url\":\"https:\\\/\\\/www.nautilusdragados.com\\\/wp-content\\\/uploads\\\/2024\\\/09\\\/logo-nautilus.png\",\"contentUrl\":\"https:\\\/\\\/www.nautilusdragados.com\\\/wp-content\\\/uploads\\\/2024\\\/09\\\/logo-nautilus.png\",\"width\":482,\"height\":115,\"caption\":\"Dragados Nautilus\"},\"image\":{\"@id\":\"https:\\\/\\\/www.nautilusdragados.com\\\/fr\\\/#\\\/schema\\\/logo\\\/image\\\/\"}}]}<\/script>\n<!-- \/ Yoast SEO plugin. -->","yoast_head_json":{"title":"Traitement de l'eau - Nautilus Dragados","robots":{"index":"index","follow":"follow","max-snippet":"max-snippet:-1","max-image-preview":"max-image-preview:large","max-video-preview":"max-video-preview:-1"},"canonical":"https:\/\/www.nautilusdragados.com\/fr\/traitement-de-leau\/","og_locale":"fr_FR","og_type":"article","og_title":"Traitement de l'eau - Nautilus Dragados","og_description":"Dessalement et traitement de l'eauLes technologies Nautilus qui alimentent l'ensemble du cycle de l'eauQu\u2019est-ce que le cycle int\u00e9gr\u00e9 de l\u2019eau ?Le cycle complet de l'eau est la somme de tous les processus naturels et humains qui permettent la gestion int\u00e9grale des ressources en eau. Contrairement au cycle naturel de l'eau (pr\u00e9cipitations, infiltration, \u00e9vaporation), il int\u00e8gre les \u00e9tapes d'intervention humaine n\u00e9cessaires pour assurer l'approvisionnement, la qualit\u00e9 et la durabilit\u00e9 de l'eau : Captage : Extraction d'eau \u00e0 partir de sources naturelles (rivi\u00e8res, r\u00e9servoirs, aquif\u00e8res, mer). Traitement : Proc\u00e9d\u00e9s visant \u00e0 rendre l'eau potable ou \u00e0 l'adapter aux usages requis. Distribution : Livraison d'eau trait\u00e9e aux utilisateurs domestiques, industriels ou agricoles. Utilisation : Application de l'eau dans diverses activit\u00e9s. Collecte des eaux us\u00e9es : Canalisation des eaux us\u00e9es. \u00c9puration : Traitement des eaux us\u00e9es pour \u00e9liminer les contaminants. : Traitement des eaux us\u00e9es pour \u00e9liminer les contaminants. R\u00e9utilisation ou rejet contr\u00f4l\u00e9 : L\u2019eau trait\u00e9e est renvoy\u00e9e \u00e0 l\u2019environnement ou r\u00e9utilis\u00e9e. Chacune de ces \u00e9tapes repr\u00e9sente une opportunit\u00e9 de mettre en \u0153uvre des solutions qui optimisent les ressources, r\u00e9duisent les impacts n\u00e9gatifs et favorisent la durabilit\u00e9.Des solutions innovantes et durables pour l'ensemble du cycle de l'eauChez Nautilus Dragados, nous comprenons que l'eau est [&hellip;]","og_url":"https:\/\/www.nautilusdragados.com\/fr\/traitement-de-leau\/","og_site_name":"Nautilus Dragados","article_modified_time":"2025-08-04T08:30:57+00:00","twitter_card":"summary_large_image","twitter_misc":{"Dur\u00e9e de lecture estim\u00e9e":"24 minutes"},"schema":{"@context":"https:\/\/schema.org","@graph":[{"@type":"WebPage","@id":"https:\/\/www.nautilusdragados.com\/fr\/traitement-de-leau\/","url":"https:\/\/www.nautilusdragados.com\/fr\/traitement-de-leau\/","name":"Traitement de l'eau - Nautilus Dragados","isPartOf":{"@id":"https:\/\/www.nautilusdragados.com\/fr\/#website"},"datePublished":"2025-08-04T06:28:46+00:00","dateModified":"2025-08-04T08:30:57+00:00","breadcrumb":{"@id":"https:\/\/www.nautilusdragados.com\/fr\/traitement-de-leau\/#breadcrumb"},"inLanguage":"fr-FR","potentialAction":[{"@type":"ReadAction","target":["https:\/\/www.nautilusdragados.com\/fr\/traitement-de-leau\/"]}]},{"@type":"BreadcrumbList","@id":"https:\/\/www.nautilusdragados.com\/fr\/traitement-de-leau\/#breadcrumb","itemListElement":[{"@type":"ListItem","position":1,"name":"Portada","item":"https:\/\/www.nautilusdragados.com\/fr\/"},{"@type":"ListItem","position":2,"name":"Traitement de l&rsquo;eau"}]},{"@type":"WebSite","@id":"https:\/\/www.nautilusdragados.com\/fr\/#website","url":"https:\/\/www.nautilusdragados.com\/fr\/","name":"Dragados Nautilus","description":"Retos medioambientales marinos","publisher":{"@id":"https:\/\/www.nautilusdragados.com\/fr\/#organization"},"potentialAction":[{"@type":"SearchAction","target":{"@type":"EntryPoint","urlTemplate":"https:\/\/www.nautilusdragados.com\/fr\/?s={search_term_string}"},"query-input":{"@type":"PropertyValueSpecification","valueRequired":true,"valueName":"search_term_string"}}],"inLanguage":"fr-FR"},{"@type":"Organization","@id":"https:\/\/www.nautilusdragados.com\/fr\/#organization","name":"Dragados Nautilus","url":"https:\/\/www.nautilusdragados.com\/fr\/","logo":{"@type":"ImageObject","inLanguage":"fr-FR","@id":"https:\/\/www.nautilusdragados.com\/fr\/#\/schema\/logo\/image\/","url":"https:\/\/www.nautilusdragados.com\/wp-content\/uploads\/2024\/09\/logo-nautilus.png","contentUrl":"https:\/\/www.nautilusdragados.com\/wp-content\/uploads\/2024\/09\/logo-nautilus.png","width":482,"height":115,"caption":"Dragados Nautilus"},"image":{"@id":"https:\/\/www.nautilusdragados.com\/fr\/#\/schema\/logo\/image\/"}}]}},"_links":{"self":[{"href":"https:\/\/www.nautilusdragados.com\/fr\/wp-json\/wp\/v2\/pages\/2406","targetHints":{"allow":["GET"]}}],"collection":[{"href":"https:\/\/www.nautilusdragados.com\/fr\/wp-json\/wp\/v2\/pages"}],"about":[{"href":"https:\/\/www.nautilusdragados.com\/fr\/wp-json\/wp\/v2\/types\/page"}],"author":[{"embeddable":true,"href":"https:\/\/www.nautilusdragados.com\/fr\/wp-json\/wp\/v2\/users\/1"}],"replies":[{"embeddable":true,"href":"https:\/\/www.nautilusdragados.com\/fr\/wp-json\/wp\/v2\/comments?post=2406"}],"version-history":[{"count":3,"href":"https:\/\/www.nautilusdragados.com\/fr\/wp-json\/wp\/v2\/pages\/2406\/revisions"}],"predecessor-version":[{"id":2409,"href":"https:\/\/www.nautilusdragados.com\/fr\/wp-json\/wp\/v2\/pages\/2406\/revisions\/2409"}],"wp:attachment":[{"href":"https:\/\/www.nautilusdragados.com\/fr\/wp-json\/wp\/v2\/media?parent=2406"}],"curies":[{"name":"wp","href":"https:\/\/api.w.org\/{rel}","templated":true}]}}